{"id":98388,"date":"2021-05-19T10:44:01","date_gmt":"2021-05-19T10:44:01","guid":{"rendered":"https:\/\/swissfederalism.ch\/?page_id=98388"},"modified":"2026-03-17T11:44:00","modified_gmt":"2026-03-17T11:44:00","slug":"lequipe","status":"publish","type":"page","link":"https:\/\/swissfederalism.ch\/fr\/lequipe\/","title":{"rendered":"Fondateurs et collaborateurs du magazine"},"content":{"rendered":"<div class=\"wpb-content-wrapper\"><p>[vc_row row_height_percent=\u00a0\u00bb0&Prime; override_padding=\u00a0\u00bbyes\u00a0\u00bb h_padding=\u00a0\u00bb2&Prime; top_padding=\u00a0\u00bb5&Prime; bottom_padding=\u00a0\u00bb5&Prime; back_color=\u00a0\u00bbcolor-gyho\u00a0\u00bb overlay_alpha=\u00a0\u00bb50&Prime; gutter_size=\u00a0\u00bb2&Prime; column_width_percent=\u00a0\u00bb100&Prime; shift_y=\u00a0\u00bb0&Prime; z_index=\u00a0\u00bb0&Prime;][vc_column column_width_percent=\u00a0\u00bb100&Prime; gutter_size=\u00a0\u00bb4&Prime; overlay_alpha=\u00a0\u00bb50&Prime; shift_x=\u00a0\u00bb0&Prime; shift_y=\u00a0\u00bb0&Prime; shift_y_down=\u00a0\u00bb0&Prime; z_index=\u00a0\u00bb0&Prime; medium_width=\u00a0\u00bb0&Prime; mobile_width=\u00a0\u00bb0&Prime; width=\u00a0\u00bb1\/1&Prime;][vc_row_inner][vc_column_inner width=\u00a0\u00bb1\/1&Prime;][vc_column_text uncode_shortcode_id=\u00a0\u00bb139590&Prime;]<\/p>\n<h3 style=\"text-align: center;\"><span class=\"font-762333\">Swiss Federalism est dirig\u00e9 par ses fondateurs et soutenu par un r\u00e9seau international de collaborateurs qui contribuent aux activit\u00e9s culturelles de l\u2019association et \u00e0 son magazine.<\/span><\/h3>\n<p>[\/vc_column_text][\/vc_column_inner][\/vc_row_inner][uncode_index el_id=\u00a0\u00bbindex-533966790&Prime; index_type=\u00a0\u00bbcarousel\u00a0\u00bb loop=\u00a0\u00bbsize:4|order_by:date|order:ASC|post_type:portfolio|taxonomy_count:10&Prime; carousel_lg=\u00a0\u00bb2&Prime; carousel_md=\u00a0\u00bb2&Prime; carousel_sm=\u00a0\u00bb1&Prime; thumb_size=\u00a0\u00bbthree-four\u00a0\u00bb gutter_size=\u00a0\u00bb3&Prime; post_items=\u00a0\u00bbmedia|featured|onpost|poster,date,title,text|excerpt|140,spacer|one,sep-one|extra,spacer_two|one,author|md_size|hide_qualification\u00a0\u00bb portfolio_items=\u00a0\u00bbtitle,media|featured|onpost|original,text|excerpt,sep-one|full,icon|sm,link|default|default_size\u00a0\u00bb carousel_height=\u00a0\u00bbequal\u00a0\u00bb carousel_type=\u00a0\u00bbfade\u00a0\u00bb carousel_interval=\u00a0\u00bb3000&Prime; carousel_navspeed=\u00a0\u00bb400&Prime; carousel_loop=\u00a0\u00bbyes\u00a0\u00bb carousel_nav=\u00a0\u00bbyes\u00a0\u00bb carousel_dots=\u00a0\u00bbyes\u00a0\u00bb stage_padding=\u00a0\u00bb0&Prime; single_back_color=\u00a0\u00bbcolor-xsdn\u00a0\u00bb single_shape=\u00a0\u00bbround\u00a0\u00bb single_overlay_color=\u00a0\u00bbcolor-wayh\u00a0\u00bb single_overlay_opacity=\u00a0\u00bb50&Prime; single_overlay_visible=\u00a0\u00bbyes\u00a0\u00bb single_text_visible=\u00a0\u00bbyes\u00a0\u00bb single_padding=\u00a0\u00bb2&Prime; single_title_dimension=\u00a0\u00bbh3&Prime; single_title_weight=\u00a0\u00bb600&Prime; single_title_height=\u00a0\u00bbfontheight-179065&Prime; single_title_space=\u00a0\u00bbfontspace-111509&Prime; single_border=\u00a0\u00bbyes\u00a0\u00bb uncode_shortcode_id=\u00a0\u00bb115385&Prime;][\/vc_column][\/vc_row][vc_row row_height_percent=\u00a0\u00bb0&Prime; override_padding=\u00a0\u00bbyes\u00a0\u00bb h_padding=\u00a0\u00bb2&Prime; top_padding=\u00a0\u00bb4&Prime; bottom_padding=\u00a0\u00bb4&Prime; overlay_alpha=\u00a0\u00bb50&Prime; gutter_size=\u00a0\u00bb3&Prime; column_width_percent=\u00a0\u00bb100&Prime; shift_y=\u00a0\u00bb0&Prime; z_index=\u00a0\u00bb0&Prime;][vc_column width=\u00a0\u00bb1\/1&Prime;][vc_icon icon=\u00a0\u00bbfa fa-pen\u00a0\u00bb icon_color=\u00a0\u00bbaccent\u00a0\u00bb background_style=\u00a0\u00bbfa-rounded\u00a0\u00bb size=\u00a0\u00bbfa-3x\u00a0\u00bb icon_automatic=\u00a0\u00bbyes\u00a0\u00bb shadow=\u00a0\u00bbyes\u00a0\u00bb text_font=\u00a0\u00bbfont-175345&Prime; text_weight=\u00a0\u00bb600&Prime; text_height=\u00a0\u00bbfontheight-179065&Prime; text_space=\u00a0\u00bbfontspace-111509&Prime; title=\u00a0\u00bbCollaborateurs du magazine\u00a0\u00bb uncode_shortcode_id=\u00a0\u00bb448685&Prime; icon_color_type=\u00a0\u00bbuncode-palette\u00a0\u00bb][\/vc_icon][uncode_list larger=\u00a0\u00bbyes\u00a0\u00bb icon=\u00a0\u00bbfa fa-check\u00a0\u00bb icon_color=\u00a0\u00bbaccent\u00a0\u00bb uncode_shortcode_id=\u00a0\u00bb152600&Prime; icon_color_type=\u00a0\u00bbuncode-palette\u00a0\u00bb]<\/p>\n<h4 style=\"text-align: center;\" data-start=\"433\" data-end=\"489\"><a href=\"https:\/\/ch.linkedin.com\/in\/cristina-enrica-schenone-bodrato-57546822b\"><strong data-start=\"433\" data-end=\"462\">Cristina Schenone\u2011Bodrato<\/strong>\u00a0<\/a><\/h4>\n<p style=\"text-align: center;\" data-start=\"433\" data-end=\"489\"><em> Directrice du magazine<\/em><\/p>\n<hr \/>\n<h4 style=\"text-align: center;\" data-start=\"491\" data-end=\"609\"><a href=\"https:\/\/www.linkedin.com\/in\/zaira-sellerio-75276aa8\/\"><strong data-start=\"491\" data-end=\"509\">Zaira Sellerio<\/strong>\u00a0<\/a><\/h4>\n<p style=\"text-align: center;\" data-start=\"491\" data-end=\"609\"><em> Auteur de plusieurs livres, dont <\/em><a href=\"https:\/\/www.amazon.de\/coraggio-femmina-Elisabetta-Sellerio-Scalici\/dp\/B0GQ75FLMK\"><em>Il coraggio \u00e8 femmina (Le courage est f\u00e9minin, en italien)<\/em><\/a><\/p>\n<hr \/>\n<h4 style=\"text-align: center;\" data-start=\"611\" data-end=\"839\"><a href=\"https:\/\/www.linkedin.com\/in\/andrea-schenone-mba\/\"><strong data-start=\"611\" data-end=\"630\">Andrea Schenone<\/strong>\u00a0<\/a><\/h4>\n<p style=\"text-align: center;\" data-start=\"611\" data-end=\"839\"><em> Manager avec une exp\u00e9rience internationale dans les secteurs financier et strat\u00e9gique, membre d\u2019organisations importantes telles que la SFAA et l\u2019Institut Milton Friedman, et auteur de <\/em><a href=\"https:\/\/www.amazon.com\/dp\/3907776003\"><strong><em data-start=\"818\" data-end=\"837\">AI Wealth Machine<\/em><\/strong><\/a><\/p>\n<hr \/>\n<h4 style=\"text-align: center;\" data-start=\"841\" data-end=\"930\"><a href=\"https:\/\/www.linkedin.com\/in\/luca-steinmann-b2379319b\/\"><strong data-start=\"841\" data-end=\"859\">Luca Steinmann<\/strong> <\/a><\/h4>\n<p style=\"text-align: center;\" data-start=\"841\" data-end=\"930\"><em>Journaliste freelance, reporter de guerre et analyste g\u00e9opolitique<\/em><\/p>\n<hr \/>\n<h4 style=\"text-align: center;\" data-start=\"932\" data-end=\"1239\"><a href=\"https:\/\/www.linkedin.com\/in\/tiziano-gastaldi-a49b8828\/\"><strong data-start=\"932\" data-end=\"952\">Tiziano Gastaldi<\/strong>\u00a0<\/a><\/h4>\n<p style=\"text-align: center;\" data-start=\"932\" data-end=\"1239\"><em> M\u00e9decin sp\u00e9cialiste en rhumatologie ; auteur de<a href=\"https:\/\/www.lafeltrinelli.it\/libri\/autori\/tiziano-gastaldi?srsltid=AfmBOooRKt_WZJ_m7Qn6lKSeLOgWMWE3u-n862BIlZWNsYS4D5Oo_ZBp\"> Il salto quantico in medicina, de l\u2019essai Un mondo diverso \u2013 Cocktail scientifico o, per i detrattori, pseudoscientifico et du livre \u00e0 para\u00eetre en 2025 IO E I.A. \u2013 Dialoghi tra un\u2019intelligenza umana e un\u2019intelligenza artificiale<\/a><\/em><\/p>\n<p>[\/uncode_list][\/vc_column][\/vc_row]<\/p>\n<\/div>","protected":false},"excerpt":{"rendered":"<p>[vc_row row_height_percent=\u00a0\u00bb0&Prime; override_padding=\u00a0\u00bbyes\u00a0\u00bb h_padding=\u00a0\u00bb2&Prime; top_padding=\u00a0\u00bb5&Prime; bottom_padding=\u00a0\u00bb5&Prime; back_color=\u00a0\u00bbcolor-gyho\u00a0\u00bb overlay_alpha=\u00a0\u00bb50&Prime; gutter_size=\u00a0\u00bb2&Prime; column_width_percent=\u00a0\u00bb100&Prime; shift_y=\u00a0\u00bb0&Prime; z_index=\u00a0\u00bb0&Prime;][vc_column column_width_percent=\u00a0\u00bb100&Prime; gutter_size=\u00a0\u00bb4&Prime; overlay_alpha=\u00a0\u00bb50&Prime; shift_x=\u00a0\u00bb0&Prime; shift_y=\u00a0\u00bb0&Prime; shift_y_down=\u00a0\u00bb0&Prime; z_index=\u00a0\u00bb0&Prime; medium_width=\u00a0\u00bb0&Prime; [&hellip;]<\/p>\n","protected":false},"author":1,"featured_media":236581,"parent":0,"menu_order":0,"comment_status":"closed","ping_status":"closed","template":"","meta":{"footnotes":""},"class_list":["post-98388","page","type-page","status-publish","has-post-thumbnail","hentry"],"_links":{"self":[{"href":"https:\/\/swissfederalism.ch\/fr\/wp-json\/wp\/v2\/pages\/98388","targetHints":{"allow":["GET"]}}],"collection":[{"href":"https:\/\/swissfederalism.ch\/fr\/wp-json\/wp\/v2\/pages"}],"about":[{"href":"https:\/\/swissfederalism.ch\/fr\/wp-json\/wp\/v2\/types\/page"}],"author":[{"embeddable":true,"href":"https:\/\/swissfederalism.ch\/fr\/wp-json\/wp\/v2\/users\/1"}],"replies":[{"embeddable":true,"href":"https:\/\/swissfederalism.ch\/fr\/wp-json\/wp\/v2\/comments?post=98388"}],"version-history":[{"count":20,"href":"https:\/\/swissfederalism.ch\/fr\/wp-json\/wp\/v2\/pages\/98388\/revisions"}],"predecessor-version":[{"id":236587,"href":"https:\/\/swissfederalism.ch\/fr\/wp-json\/wp\/v2\/pages\/98388\/revisions\/236587"}],"wp:featuredmedia":[{"embeddable":true,"href":"https:\/\/swissfederalism.ch\/fr\/wp-json\/wp\/v2\/media\/236581"}],"wp:attachment":[{"href":"https:\/\/swissfederalism.ch\/fr\/wp-json\/wp\/v2\/media?parent=98388"}],"curies":[{"name":"wp","href":"https:\/\/api.w.org\/{rel}","templated":true}]}}