{"id":90088,"date":"2020-11-05T14:47:46","date_gmt":"2020-11-05T14:47:46","guid":{"rendered":"https:\/\/swissfederalism.ch\/lo-statuto\/"},"modified":"2021-05-02T10:28:54","modified_gmt":"2021-05-02T10:28:54","slug":"le-statut","status":"publish","type":"page","link":"https:\/\/swissfederalism.ch\/fr\/le-statut\/","title":{"rendered":"Le statut"},"content":{"rendered":"<div class=\"wpb-content-wrapper\"><p>[vc_row row_height_percent=\u00a0\u00bb0&Prime; override_padding=\u00a0\u00bbyes\u00a0\u00bb h_padding=\u00a0\u00bb2&Prime; top_padding=\u00a0\u00bb5&Prime; bottom_padding=\u00a0\u00bb2&Prime; overlay_alpha=\u00a0\u00bb50&Prime; gutter_size=\u00a0\u00bb3&Prime; column_width_percent=\u00a0\u00bb100&Prime; shift_y=\u00a0\u00bb0&Prime; z_index=\u00a0\u00bb0&Prime;][vc_column column_width_use_pixel=\u00a0\u00bbyes\u00a0\u00bb align_horizontal=\u00a0\u00bbalign_center\u00a0\u00bb gutter_size=\u00a0\u00bb3&Prime; overlay_alpha=\u00a0\u00bb50&Prime; shift_x=\u00a0\u00bb0&Prime; shift_y=\u00a0\u00bb0&Prime; shift_y_down=\u00a0\u00bb0&Prime; z_index=\u00a0\u00bb0&Prime; medium_width=\u00a0\u00bb0&Prime; mobile_width=\u00a0\u00bb0&Prime; width=\u00a0\u00bb1\/1&Prime; column_width_pixel=\u00a0\u00bb900&Prime;][vc_custom_heading heading_semantic=\u00a0\u00bbh3&Prime; text_size=\u00a0\u00bbfontsize-155944&Prime;]Statuts de Swiss Federalism, nom, but et si\u00e8ge de l&rsquo;association[\/vc_custom_heading][vc_column_text text_lead=\u00a0\u00bbyes\u00a0\u00bb]Comme toute association qui se respecte, Swiss Federalism suit \u00e9galement les r\u00e8gles de la Conf\u00e9d\u00e9ration suisse concernant la cr\u00e9ation et la gestion ordinaire et extraordinaire d&rsquo;une association culturelle sans but lucratif.[\/vc_column_text][\/vc_column][\/vc_row][vc_row][vc_column column_width_percent=\u00a0\u00bb100&Prime; gutter_size=\u00a0\u00bb3&Prime; style=\u00a0\u00bblight\u00a0\u00bb back_color=\u00a0\u00bbcolor-lxmt\u00a0\u00bb overlay_alpha=\u00a0\u00bb50&Prime; shift_x=\u00a0\u00bb0&Prime; shift_y=\u00a0\u00bb0&Prime; shift_y_down=\u00a0\u00bb0&Prime; z_index=\u00a0\u00bb0&Prime; medium_width=\u00a0\u00bb0&Prime; mobile_width=\u00a0\u00bb0&Prime; width=\u00a0\u00bb1\/1&Prime;][vc_row_inner][vc_column_inner width=\u00a0\u00bb1\/2&Prime;][vc_column_text]<\/p>\n<h1>Nom, objet et si\u00e8ge<\/h1>\n<h2>Art. 1<\/h2>\n<p>Sous le nom de Swiss Federalism, il est constitu\u00e9 une association \u00e0 but non lucratif conform\u00e9ment aux articles 60 et suivants du Code civil suisse et aux pr\u00e9sents statuts.<\/p>\n<h2>Art. 2<\/h2>\n<p>L&rsquo;association a pour objet<\/p>\n<p>promouvoir au niveau international le f\u00e9d\u00e9ralisme suisse et ses avantages pour l&rsquo;\u00e9conomie et la soci\u00e9t\u00e9 dans son ensemble<br \/>\nprot\u00e9ger et promouvoir la langue italienne au-del\u00e0 du Saint-Gothard en tant que langue minoritaire en Suisse<br \/>\nsoutenir les petites et moyennes entreprises suisses<\/p>\n<p><strong>Art. 3<\/strong><\/p>\n<p>L&rsquo;association a son si\u00e8ge \u00e0 Gommiswald SG. Sa dur\u00e9e est ind\u00e9termin\u00e9e.<\/p>\n<h1>Organisation<\/h1>\n<h2>Art. 4<\/h2>\n<p>Les organes de l&rsquo;association sont<\/p>\n<p>l&rsquo;Assembl\u00e9e g\u00e9n\u00e9rale<br \/>\nle Comit\u00e9 ex\u00e9cutif<\/p>\n<h2>Art. 5<\/h2>\n<p>Les ressources financi\u00e8res de l&rsquo;association sont constitu\u00e9es par les cotisations ordinaires ou extraordinaires, les dons et legs, les revenus des activit\u00e9s de l&rsquo;association et, le cas \u00e9ch\u00e9ant, les subventions publiques. L&rsquo;exercice financier commence le 1er janvier et se termine le 31 d\u00e9cembre de chaque ann\u00e9e. Les obligations financi\u00e8res de l&rsquo;Association sont garanties par sa fortune et la responsabilit\u00e9 personnelle des membres est exclue.<\/p>\n<p>Les membres du Conseil ex\u00e9cutif sont exempt\u00e9s du paiement de la contribution.<\/p>\n<h1>Membres<\/h1>\n<h2>Art. 6<\/h2>\n<p>Peuvent devenir membres toutes les personnes et tous les organismes int\u00e9ress\u00e9s par la poursuite des buts \u00e9nonc\u00e9s \u00e0 l&rsquo;art. 2. Toute personne physique ou morale int\u00e9ress\u00e9e par les objectifs de l&rsquo;association peut devenir membre. Sur proposition du Bureau ex\u00e9cutif, l&rsquo;Assembl\u00e9e des membres peut accorder le titre de membre d&rsquo;honneur \u00e0 des personnes qui ont apport\u00e9 une contribution particuli\u00e8rement significative \u00e0 l&rsquo;Association.<\/p>\n<p>Si les moyens le permettent, l&rsquo;association publie un bulletin d&rsquo;information destin\u00e9 aux membres et aux personnes proches de l&rsquo;association.<\/p>\n<h2>Art. 7<\/h2>\n<p>L&rsquo;association est compos\u00e9e de<\/p>\n<p>membres fondateurs<br \/>\nmembres individuels<br \/>\nmembres collectifs<\/p>\n<h2>Art. 8<\/h2>\n<p>Les demandes d&rsquo;admission doivent \u00eatre soumises au Comit\u00e9 de gestion, qui d\u00e9cide de l&rsquo;admission des nouveaux membres et en informe l&rsquo;Assembl\u00e9e g\u00e9n\u00e9rale.<\/p>\n<h2>Art. 9<\/h2>\n<p>La qualit\u00e9 de membre prend fin &#8211; dans le cas des personnes physiques par d\u00e9mission, exclusion ou d\u00e9c\u00e8s. &#8211; dans le cas des personnes morales, par d\u00e9mission, exclusion ou dissolution de la personne morale.<\/p>\n<p>L&rsquo;adh\u00e9sion cesse en raison de :<\/p>\n<p>(a) la d\u00e9mission. La d\u00e9mission ne dispense pas du paiement de la cotisation annuelle.<\/p>\n<p>b) l&rsquo;exclusion \u00ab\u00a0pour des raisons valables\u00a0\u00bb.<\/p>\n<p>L&rsquo;exclusion est la responsabilit\u00e9 du Comit\u00e9 de gestion. La personne concern\u00e9e peut faire appel de cette d\u00e9cision devant l&rsquo;Assembl\u00e9e g\u00e9n\u00e9rale. Le non-paiement r\u00e9p\u00e9t\u00e9 de la cotisation pendant deux ans entra\u00eene l&rsquo;exclusion du membre.<\/p>\n<h1>Assembl\u00e9e g\u00e9n\u00e9rale<br \/>\nArt. 10<\/h1>\n<p>L&rsquo;assembl\u00e9e g\u00e9n\u00e9rale est l&rsquo;organe supr\u00eame de l&rsquo;association et se compose de tous ses membres.<\/p>\n<h2>Art. 11<\/h2>\n<p>L&rsquo;Assembl\u00e9e g\u00e9n\u00e9rale a les pouvoirs suivants<\/p>\n<p>l&rsquo;adoption et l&rsquo;amendement des statuts<br \/>\nnommer des membres suppl\u00e9mentaires du comit\u00e9 ex\u00e9cutif<br \/>\nd\u00e9cider du programme de travail et diriger les activit\u00e9s de l&rsquo;association<br \/>\nla fixation de la cotisation annuelle des membres individuels et collectifs<br \/>\nd\u00e9cider des autres projets \u00e0 l&rsquo;ordre du jour.<\/p>\n<p>L&rsquo;Assembl\u00e9e g\u00e9n\u00e9rale peut traiter ou \u00eatre charg\u00e9e de traiter toute question qu&rsquo;elle n&rsquo;a pas confi\u00e9e \u00e0 un autre organe.[\/vc_column_text][\/vc_column_inner][vc_column_inner width=\u00a0\u00bb1\/2&Prime;][vc_column_text]<\/p>\n<h2>Art. 12<\/h2>\n<p>Le Comit\u00e9 de gestion convoque les assembl\u00e9es au moins 20 jours \u00e0 l&rsquo;avance. Le comit\u00e9 ex\u00e9cutif peut convoquer une assembl\u00e9e g\u00e9n\u00e9rale extraordinaire chaque fois que cela est n\u00e9cessaire.<\/p>\n<h2>Art. 13<\/h2>\n<p>L&rsquo;Assembl\u00e9e est pr\u00e9sid\u00e9e par le pr\u00e9sident ou par un autre membre du Comit\u00e9 ex\u00e9cutif.<\/p>\n<h2>Art. 14<\/h2>\n<p>Les d\u00e9cisions de l&rsquo;assembl\u00e9e g\u00e9n\u00e9rale sont adopt\u00e9es \u00e0 la majorit\u00e9 simple des membres pr\u00e9sents. En cas d&rsquo;\u00e9galit\u00e9 des voix, la voix du pr\u00e9sident est pr\u00e9pond\u00e9rante.<\/p>\n<h2>Art. 15<\/h2>\n<p>Le vote se fait \u00e0 main lev\u00e9e. \u00c0 la demande d&rsquo;au moins cinq membres, les votes ont lieu au scrutin secret. Il n&rsquo;est pas possible de voter par procuration.<\/p>\n<h2>Art. 16<\/h2>\n<p>L&rsquo;Assembl\u00e9e se r\u00e9unit au moins une fois tous les 5 ans sur convocation du Comit\u00e9 de gestion.<\/p>\n<h2>Article 17<\/h2>\n<p>L&rsquo;ordre du jour de l&rsquo;Assembl\u00e9e annuelle (dite ordinaire) doit n\u00e9cessairement comprendre<\/p>\n<p>le rapport du Comit\u00e9 de gestion sur les activit\u00e9s de l&rsquo;association au cours de l&rsquo;ann\u00e9e \u00e9coul\u00e9e<br \/>\nun \u00e9change de vues\/d\u00e9cisions sur le d\u00e9veloppement de l&rsquo;association<br \/>\n\u00c9lection des membres du comit\u00e9 de gestion<br \/>\nles propositions individuelles.<\/p>\n<h2>Art. 18<\/h2>\n<p>Le Comit\u00e9 de gestion est tenu d&rsquo;inscrire \u00e0 l&rsquo;ordre du jour de l&rsquo;Assembl\u00e9e g\u00e9n\u00e9rale (ordinaire ou extraordinaire) toute proposition soumise par un membre au moins 10 jours \u00e0 l&rsquo;avance.<\/p>\n<h2>Art. 19<\/h2>\n<p>L&rsquo;Assembl\u00e9e g\u00e9n\u00e9rale extraordinaire est convoqu\u00e9e par le Comit\u00e9 de direction ou \u00e0 la demande d&rsquo;un cinqui\u00e8me des membres de l&rsquo;association.<\/p>\n<h1>Comit\u00e9 de gestion<br \/>\nArt. 20<\/h1>\n<p>Le Comit\u00e9 ex\u00e9cutif met en \u0153uvre les d\u00e9cisions de l&rsquo;Assembl\u00e9e g\u00e9n\u00e9rale. Il g\u00e8re l&rsquo;association et prend toutes les mesures n\u00e9cessaires pour atteindre ses objectifs. Le comit\u00e9 ex\u00e9cutif traite de toutes les questions qui ne sont pas express\u00e9ment r\u00e9serv\u00e9es \u00e0 l&rsquo;assembl\u00e9e g\u00e9n\u00e9rale.<\/p>\n<h2>Art. 21<\/h2>\n<p>Le comit\u00e9 ex\u00e9cutif est compos\u00e9 des 2 membres fondateurs. Le comit\u00e9 est autod\u00e9termin\u00e9. Il se r\u00e9unit chaque fois que les affaires de l&rsquo;association l&rsquo;exigent.<\/p>\n<h2>Art. 22<\/h2>\n<p>L&rsquo;association est engag\u00e9e par la signature collective de deux membres du Comit\u00e9 ex\u00e9cutif.<\/p>\n<h2>Art. 23<\/h2>\n<p>Le comit\u00e9 de gestion a pour mission de<\/p>\n<p>prendre des mesures pour atteindre les objectifs<br \/>\nconvocation des assembl\u00e9es g\u00e9n\u00e9rales, ordinaires et extraordinaires<br \/>\nprendre des d\u00e9cisions sur l&rsquo;admission et la r\u00e9vocation des membres ou leur \u00e9ventuelle exclusion<br \/>\nveiller \u00e0 l&rsquo;application des statuts, \u00e9tablir des r\u00e8glements et administrer le patrimoine de l&rsquo;association.<\/p>\n<h2>Art. 24<\/h2>\n<p>Le Comit\u00e9 ex\u00e9cutif est responsable des comptes de l&rsquo;association.<\/p>\n<h2>Art. 25<\/h2>\n<p>Le comit\u00e9 engage (et licencie) les employ\u00e9s et les b\u00e9n\u00e9voles de l&rsquo;association. Il peut accorder un mandat \u00e0 dur\u00e9e d\u00e9termin\u00e9e \u00e0 toute personne de l&rsquo;association ou ext\u00e9rieure \u00e0 celle-ci.<\/p>\n<h1>Dissolution<\/h1>\n<h2>Art. 26<\/h2>\n<p>La dissolution de l&rsquo;association est d\u00e9cid\u00e9e par l&rsquo;Assembl\u00e9e g\u00e9n\u00e9rale \u00e0 la majorit\u00e9 des deux tiers des membres pr\u00e9sents. Le solde de l&rsquo;actif sera donn\u00e9 \u00e0 une organisation ayant des objectifs similaires.[\/vc_column_text][\/vc_column_inner][\/vc_row_inner][\/vc_column][\/vc_row]<\/p>\n<\/div>","protected":false},"excerpt":{"rendered":"<p>[vc_row row_height_percent=\u00a0\u00bb0&Prime; override_padding=\u00a0\u00bbyes\u00a0\u00bb h_padding=\u00a0\u00bb2&Prime; top_padding=\u00a0\u00bb5&Prime; bottom_padding=\u00a0\u00bb2&Prime; overlay_alpha=\u00a0\u00bb50&Prime; gutter_size=\u00a0\u00bb3&Prime; column_width_percent=\u00a0\u00bb100&Prime; shift_y=\u00a0\u00bb0&Prime; z_index=\u00a0\u00bb0&Prime;][vc_column column_width_use_pixel=\u00a0\u00bbyes\u00a0\u00bb align_horizontal=\u00a0\u00bbalign_center\u00a0\u00bb gutter_size=\u00a0\u00bb3&Prime; overlay_alpha=\u00a0\u00bb50&Prime; shift_x=\u00a0\u00bb0&Prime; shift_y=\u00a0\u00bb0&Prime; shift_y_down=\u00a0\u00bb0&Prime; z_index=\u00a0\u00bb0&Prime; medium_width=\u00a0\u00bb0&Prime; [&hellip;]<\/p>\n","protected":false},"author":1,"featured_media":85985,"parent":0,"menu_order":0,"comment_status":"closed","ping_status":"closed","template":"","meta":{"footnotes":""},"class_list":["post-90088","page","type-page","status-publish","has-post-thumbnail","hentry"],"_links":{"self":[{"href":"https:\/\/swissfederalism.ch\/fr\/wp-json\/wp\/v2\/pages\/90088","targetHints":{"allow":["GET"]}}],"collection":[{"href":"https:\/\/swissfederalism.ch\/fr\/wp-json\/wp\/v2\/pages"}],"about":[{"href":"https:\/\/swissfederalism.ch\/fr\/wp-json\/wp\/v2\/types\/page"}],"author":[{"embeddable":true,"href":"https:\/\/swissfederalism.ch\/fr\/wp-json\/wp\/v2\/users\/1"}],"replies":[{"embeddable":true,"href":"https:\/\/swissfederalism.ch\/fr\/wp-json\/wp\/v2\/comments?post=90088"}],"version-history":[{"count":3,"href":"https:\/\/swissfederalism.ch\/fr\/wp-json\/wp\/v2\/pages\/90088\/revisions"}],"predecessor-version":[{"id":90093,"href":"https:\/\/swissfederalism.ch\/fr\/wp-json\/wp\/v2\/pages\/90088\/revisions\/90093"}],"wp:featuredmedia":[{"embeddable":true,"href":"https:\/\/swissfederalism.ch\/fr\/wp-json\/wp\/v2\/media\/85985"}],"wp:attachment":[{"href":"https:\/\/swissfederalism.ch\/fr\/wp-json\/wp\/v2\/media?parent=90088"}],"curies":[{"name":"wp","href":"https:\/\/api.w.org\/{rel}","templated":true}]}}