{"id":90082,"date":"2021-01-24T11:20:23","date_gmt":"2021-01-24T11:20:23","guid":{"rendered":"https:\/\/swissfederalism.ch\/il-nostro-manifesto\/"},"modified":"2021-06-08T18:38:57","modified_gmt":"2021-06-08T18:38:57","slug":"notre-manifeste","status":"publish","type":"page","link":"https:\/\/swissfederalism.ch\/fr\/notre-manifeste\/","title":{"rendered":"Notre manifeste"},"content":{"rendered":"<div class=\"wpb-content-wrapper\"><p>[vc_row row_height_percent=\u00a0\u00bb0&Prime; override_padding=\u00a0\u00bbyes\u00a0\u00bb h_padding=\u00a0\u00bb2&Prime; top_padding=\u00a0\u00bb5&Prime; bottom_padding=\u00a0\u00bb0&Prime; overlay_alpha=\u00a0\u00bb50&Prime; gutter_size=\u00a0\u00bb3&Prime; column_width_percent=\u00a0\u00bb100&Prime; shift_y=\u00a0\u00bb0&Prime; z_index=\u00a0\u00bb0&Prime;][vc_column column_width_use_pixel=\u00a0\u00bbyes\u00a0\u00bb align_horizontal=\u00a0\u00bbalign_center\u00a0\u00bb gutter_size=\u00a0\u00bb3&Prime; overlay_alpha=\u00a0\u00bb50&Prime; shift_x=\u00a0\u00bb0&Prime; shift_y=\u00a0\u00bb0&Prime; shift_y_down=\u00a0\u00bb0&Prime; z_index=\u00a0\u00bb0&Prime; medium_width=\u00a0\u00bb0&Prime; mobile_width=\u00a0\u00bb0&Prime; width=\u00a0\u00bb1\/1&Prime; column_width_pixel=\u00a0\u00bb900&Prime;][vc_custom_heading heading_semantic=\u00a0\u00bbh1&Prime; text_size=\u00a0\u00bbfontsize-155944&Prime;]Nous rappelons ici notre manifeste et le but de l&rsquo;association[\/vc_custom_heading][vc_column_text text_lead=\u00a0\u00bbyes\u00a0\u00bb]La promotion des valeurs de la d\u00e9mocratie suisse, qui se refl\u00e8tent dans la nature de la Conf\u00e9d\u00e9ration et la qualifient pour son extraordinaire clairvoyance et efficacit\u00e9, et qui se r\u00e9sument \u00e0 la neutralit\u00e9, l&rsquo;ind\u00e9pendance et le vrai f\u00e9d\u00e9ralisme.<\/p>\n<p>Le d\u00e9veloppement des petites et moyennes entreprises suisses \u00e0 l&rsquo;\u00e9chelle internationale et l&rsquo;attraction de capitaux dans la Conf\u00e9d\u00e9ration.[\/vc_column_text][\/vc_column][\/vc_row][vc_row row_height_percent=\u00a0\u00bb0&Prime; override_padding=\u00a0\u00bbyes\u00a0\u00bb h_padding=\u00a0\u00bb2&Prime; top_padding=\u00a0\u00bb3&Prime; bottom_padding=\u00a0\u00bb5&Prime; overlay_alpha=\u00a0\u00bb50&Prime; gutter_size=\u00a0\u00bb3&Prime; column_width_percent=\u00a0\u00bb100&Prime; shift_y=\u00a0\u00bb0&Prime; z_index=\u00a0\u00bb0&Prime; row_name=\u00a0\u00bbIncipit\u00a0\u00bb][vc_column width=\u00a0\u00bb1\/1&Prime;][vc_row_inner][vc_column_inner column_width_percent=\u00a0\u00bb100&Prime; align_horizontal=\u00a0\u00bbalign_center\u00a0\u00bb gutter_size=\u00a0\u00bb3&Prime; overlay_alpha=\u00a0\u00bb50&Prime; shift_x=\u00a0\u00bb0&Prime; shift_y=\u00a0\u00bb0&Prime; shift_y_down=\u00a0\u00bb0&Prime; z_index=\u00a0\u00bb0&Prime; medium_width=\u00a0\u00bb0&Prime; mobile_width=\u00a0\u00bb0&Prime; width=\u00a0\u00bb1\/1&Prime;][vc_custom_heading heading_semantic=\u00a0\u00bbh3&Prime; text_size=\u00a0\u00bbh1&Prime;](Vrai) le f\u00e9d\u00e9ralisme, pierre angulaire du succ\u00e8s de la Suisse[\/vc_custom_heading][\/vc_column_inner][\/vc_row_inner][vc_row_inner][vc_column_inner width=\u00a0\u00bb1\/2&Prime;][vc_column_text]Le vrai f\u00e9d\u00e9ralisme est la pierre angulaire de la grande d\u00e9mocratie suisse, un mod\u00e8le pour les d\u00e9mocrates sinc\u00e8res du monde entier. La d\u00e9mocratie et le v\u00e9ritable f\u00e9d\u00e9ralisme sont les remparts contre le totalitarisme et le moteur de la prosp\u00e9rit\u00e9 et du succ\u00e8s \u00e9conomique de chaque nation.<\/p>\n<p>Le v\u00e9ritable f\u00e9d\u00e9ralisme ne doit pas \u00eatre confondu avec une simple d\u00e9centralisation administrative. Il n&rsquo;y a pas de f\u00e9d\u00e9ralisme sans une autonomie compl\u00e8te des recettes et des d\u00e9penses.<\/p>\n<p>Les 26 cantons qui composent la Suisse sont, en pratique, de petits \u00c9tats. Seules la monnaie, la politique \u00e9trang\u00e8re et la d\u00e9fense sont d\u00e9l\u00e9gu\u00e9es au pouvoir central.[\/vc_column_text][\/vc_column_inner][vc_column_inner width=\u00a0\u00bb1\/2&Prime;][vc_column_text]<\/p>\n<h3>Le v\u00e9ritable f\u00e9d\u00e9ralisme, le f\u00e9d\u00e9ralisme \u00e0 la suisse, pr\u00e9sente les avantages suivants<\/h3>\n<ol>\n<li>Il stimule la responsabilisation des administrateurs locaux.<\/li>\n<li>R\u00e9duit les imp\u00f4ts et les co\u00fbts de fonctionnement de l&rsquo;\u00c9tat.<\/li>\n<li>Stimule un processus public vertueux qui garantit le bien-\u00eatre et la d\u00e9mocratie pour tous les citoyens.<\/li>\n<\/ol>\n<p>Le f\u00e9d\u00e9ralisme suisse a pour objectif de sensibiliser l&rsquo;opinion internationale et de promouvoir le v\u00e9ritable f\u00e9d\u00e9ralisme, pierre angulaire de la r\u00e9ussite civile, politique et \u00e9conomique de la Suisse. Nous sommes convaincus que le f\u00e9d\u00e9ralisme suisse est un mod\u00e8le qui devrait \u00eatre promu et export\u00e9 au profit de toutes les organisations \u00e9tatiques du monde entier.[\/vc_column_text][\/vc_column_inner][\/vc_row_inner][vc_separator][\/vc_column][\/vc_row][vc_row unlock_row_content=\u00a0\u00bbyes\u00a0\u00bb row_height_percent=\u00a0\u00bb0&Prime; override_padding=\u00a0\u00bbyes\u00a0\u00bb h_padding=\u00a0\u00bb0&Prime; top_padding=\u00a0\u00bb0&Prime; bottom_padding=\u00a0\u00bb0&Prime; back_color=\u00a0\u00bbcolor-wayh\u00a0\u00bb overlay_alpha=\u00a0\u00bb50&Prime; equal_height=\u00a0\u00bbyes\u00a0\u00bb gutter_size=\u00a0\u00bb0&Prime; column_width_percent=\u00a0\u00bb100&Prime; shift_y=\u00a0\u00bb0&Prime; z_index=\u00a0\u00bb0&Prime; el_class=\u00a0\u00bbinverted-device-order\u00a0\u00bb row_name=\u00a0\u00bbBusiness development\u00a0\u00bb][vc_column column_width_use_pixel=\u00a0\u00bbyes\u00a0\u00bb gutter_size=\u00a0\u00bb3&Prime; override_padding=\u00a0\u00bbyes\u00a0\u00bb column_padding=\u00a0\u00bb5&Prime; style=\u00a0\u00bbdark\u00a0\u00bb overlay_alpha=\u00a0\u00bb50&Prime; shift_x=\u00a0\u00bb0&Prime; shift_y=\u00a0\u00bb0&Prime; shift_y_down=\u00a0\u00bb0&Prime; z_index=\u00a0\u00bb0&Prime; medium_width=\u00a0\u00bb0&Prime; mobile_width=\u00a0\u00bb0&Prime; width=\u00a0\u00bb1\/2&Prime; column_width_pixel=\u00a0\u00bb528&Prime;][vc_custom_heading heading_semantic=\u00a0\u00bbh6&Prime; text_size=\u00a0\u00bbfontsize-160000&Prime; text_transform=\u00a0\u00bbuppercase\u00a0\u00bb text_space=\u00a0\u00bbfontspace-135905&Prime; text_color=\u00a0\u00bbaccent\u00a0\u00bb]Notre Manifeste[\/vc_custom_heading][vc_custom_heading text_size=\u00a0\u00bbfontsize-155944&Prime;]D\u00e9veloppement des entreprises &#8211; Le d\u00e9veloppement des petites et moyennes entreprises[\/vc_custom_heading][vc_column_text text_lead=\u00a0\u00bbsmall\u00a0\u00bb]<strong>Nous pensons que les petites et moyennes entreprises constituent l&rsquo;\u00e9pine dorsale des \u00e9conomies du monde libre.<\/strong> Nous avons l&rsquo;ambition d&rsquo;utiliser notre r\u00e9seau suisse et international pour les aider \u00e0 se d\u00e9velopper. Nous voulons mettre en relation le march\u00e9 suisse avec ceux d&rsquo;autres pays qui partagent les grandes valeurs de la Suisse que sont la libert\u00e9, la d\u00e9mocratie et le f\u00e9d\u00e9ralisme.<\/p>\n<p><strong>Nous aidons les entreprises suisses \u00e0 s&rsquo;internationaliser<\/strong>, les accompagnons dans leur d\u00e9veloppement num\u00e9rique pour les d\u00e9fis futurs et les soutenons dans leur recherche de nouveaux march\u00e9s.<\/p>\n<p><strong>Nous aidons les entreprises non suisses \u00e0 entrer et \u00e0 investir en Suisse<\/strong> en les mettant en contact avec le march\u00e9 local. Si n\u00e9cessaire, nous les soutenons \u00e9galement dans leur d\u00e9localisation en leur offrant des conseils et les services fiscaux et d&rsquo;assurance de nos entreprises membres.[\/vc_column_text][\/vc_column][vc_column column_width_percent=\u00a0\u00bb100&Prime; gutter_size=\u00a0\u00bb3&Prime; back_image=\u00a0\u00bb15594&Prime; overlay_alpha=\u00a0\u00bb50&Prime; shift_x=\u00a0\u00bb0&Prime; shift_y=\u00a0\u00bb0&Prime; shift_y_down=\u00a0\u00bb0&Prime; z_index=\u00a0\u00bb0&Prime; medium_width=\u00a0\u00bb0&Prime; mobile_width=\u00a0\u00bb0&Prime; width=\u00a0\u00bb1\/2&Prime; mobile_height=\u00a0\u00bb340&Prime;][\/vc_column][\/vc_row][vc_row unlock_row_content=\u00a0\u00bbyes\u00a0\u00bb row_height_percent=\u00a0\u00bb0&Prime; override_padding=\u00a0\u00bbyes\u00a0\u00bb h_padding=\u00a0\u00bb0&Prime; top_padding=\u00a0\u00bb0&Prime; bottom_padding=\u00a0\u00bb0&Prime; overlay_alpha=\u00a0\u00bb50&Prime; equal_height=\u00a0\u00bbyes\u00a0\u00bb gutter_size=\u00a0\u00bb0&Prime; column_width_percent=\u00a0\u00bb100&Prime; shift_y=\u00a0\u00bb0&Prime; z_index=\u00a0\u00bb0&Prime; row_name=\u00a0\u00bbPartnership con Milton Friedman Institute\u00a0\u00bb][vc_column column_width_percent=\u00a0\u00bb100&Prime; gutter_size=\u00a0\u00bb3&Prime; back_image=\u00a0\u00bb86559&Prime; overlay_alpha=\u00a0\u00bb50&Prime; shift_x=\u00a0\u00bb0&Prime; shift_y=\u00a0\u00bb0&Prime; shift_y_down=\u00a0\u00bb0&Prime; z_index=\u00a0\u00bb0&Prime; medium_width=\u00a0\u00bb0&Prime; mobile_width=\u00a0\u00bb0&Prime; width=\u00a0\u00bb1\/2&Prime; mobile_height=\u00a0\u00bb340&Prime;][\/vc_column][vc_column column_width_use_pixel=\u00a0\u00bbyes\u00a0\u00bb gutter_size=\u00a0\u00bb3&Prime; override_padding=\u00a0\u00bbyes\u00a0\u00bb column_padding=\u00a0\u00bb5&Prime; overlay_alpha=\u00a0\u00bb50&Prime; shift_x=\u00a0\u00bb0&Prime; shift_y=\u00a0\u00bb0&Prime; shift_y_down=\u00a0\u00bb0&Prime; z_index=\u00a0\u00bb0&Prime; medium_width=\u00a0\u00bb0&Prime; mobile_width=\u00a0\u00bb0&Prime; width=\u00a0\u00bb1\/2&Prime; column_width_pixel=\u00a0\u00bb528&Prime;][vc_custom_heading heading_semantic=\u00a0\u00bbh6&Prime; text_size=\u00a0\u00bbfontsize-160000&Prime; text_transform=\u00a0\u00bbuppercase\u00a0\u00bb text_space=\u00a0\u00bbfontspace-135905&Prime; text_color=\u00a0\u00bbaccent\u00a0\u00bb]Notre Manifeste[\/vc_custom_heading][vc_custom_heading text_size=\u00a0\u00bbfontsize-155944&Prime;]Notre partenariat avec l&rsquo;Institut Milton Friedman[\/vc_custom_heading][vc_column_text text_lead=\u00a0\u00bbsmall\u00a0\u00bb]Un v\u00e9ritable f\u00e9d\u00e9ralisme ne peut que compl\u00e9ter les grandes valeurs de libert\u00e9 et de libertarisme que les soci\u00e9t\u00e9s occidentales ont produites.<\/p>\n<p><strong>Le f\u00e9d\u00e9ralisme place l&rsquo;individu au centre<\/strong>, dont nous consid\u00e9rons la libert\u00e9 personnelle comme inviolable \u00e0 tout moment.<\/p>\n<p>La promotion du <strong>m\u00e9rite, le principe de subsidiarit\u00e9, la red\u00e9finition du r\u00f4le de l&rsquo;Etat dans l&rsquo;\u00e9conomie et la soci\u00e9t\u00e9 que nous voulons<\/strong>, comme en Suisse, efficace et peu co\u00fbteux, du c\u00f4t\u00e9 du citoyen, la sauvegarde des libert\u00e9s individuelles, le d\u00e9veloppement du libre march\u00e9 et la r\u00e9duction des imp\u00f4ts au strict minimum, sont des valeurs dans lesquelles nous et le Milton Friedman Institute nous reconnaissons pleinement.<\/p>\n<p><strong>Ces grandes valeurs communes nous ont pouss\u00e9s \u00e0 avoir un partenariat et une collaboration fructueux.<\/strong><\/p>\n<p>Comme l&rsquo;a dit Milton Friedman, \u00ab\u00a0une soci\u00e9t\u00e9 qui place l&rsquo;\u00e9galit\u00e9 avant la libert\u00e9 n&rsquo;aura ni l&rsquo;une ni l&rsquo;autre\u00a0\u00bb.[\/vc_column_text][\/vc_column][\/vc_row][vc_row unlock_row_content=\u00a0\u00bbyes\u00a0\u00bb row_height_percent=\u00a0\u00bb0&Prime; override_padding=\u00a0\u00bbyes\u00a0\u00bb h_padding=\u00a0\u00bb0&Prime; top_padding=\u00a0\u00bb0&Prime; bottom_padding=\u00a0\u00bb0&Prime; overlay_alpha=\u00a0\u00bb50&Prime; equal_height=\u00a0\u00bbyes\u00a0\u00bb gutter_size=\u00a0\u00bb0&Prime; column_width_percent=\u00a0\u00bb100&Prime; shift_y=\u00a0\u00bb0&Prime; z_index=\u00a0\u00bb0&Prime; row_name=\u00a0\u00bbPartnership con Milton Friedman Institute\u00a0\u00bb][vc_column column_width_use_pixel=\u00a0\u00bbyes\u00a0\u00bb gutter_size=\u00a0\u00bb3&Prime; override_padding=\u00a0\u00bbyes\u00a0\u00bb column_padding=\u00a0\u00bb5&Prime; overlay_alpha=\u00a0\u00bb50&Prime; shift_x=\u00a0\u00bb0&Prime; shift_y=\u00a0\u00bb0&Prime; shift_y_down=\u00a0\u00bb0&Prime; z_index=\u00a0\u00bb0&Prime; medium_width=\u00a0\u00bb0&Prime; mobile_width=\u00a0\u00bb0&Prime; width=\u00a0\u00bb1\/2&Prime; column_width_pixel=\u00a0\u00bb528&Prime;][vc_custom_heading heading_semantic=\u00a0\u00bbh6&Prime; text_size=\u00a0\u00bbfontsize-160000&Prime; text_transform=\u00a0\u00bbuppercase\u00a0\u00bb text_space=\u00a0\u00bbfontspace-135905&Prime; text_color=\u00a0\u00bbaccent\u00a0\u00bb]Notre Manifeste[\/vc_custom_heading][vc_custom_heading text_size=\u00a0\u00bbfontsize-155944&Prime;]Notre partenariat avec la Global Chamber of Business Leaders[\/vc_custom_heading][vc_column_text text_lead=\u00a0\u00bbsmall\u00a0\u00bb]La <strong>Global Chamber of Business Leaders<\/strong> est une coalition de cadres sup\u00e9rieurs, d&rsquo;entrepreneurs, d&rsquo;investisseurs et de dirigeants d&rsquo;entreprises et d&rsquo;industries qui partagent une vision commune : le bien-\u00eatre et la croissance durables des entreprises dans une \u00e9conomie mondiale perturb\u00e9e et en constante \u00e9volution.<br \/>\nLa Global Chamber of Business Leaders donne la priorit\u00e9 aux activit\u00e9s qui s&rsquo;alignent sur la D\u00e9cennie d&rsquo;action proclam\u00e9e par les Nations unies, en promouvant l&rsquo;importance de l&rsquo;inclusion des objectifs de d\u00e9veloppement durable dans les mod\u00e8les d&rsquo;entreprise du futur, ce qui permet \u00e0 nos partenaires, membres et participants de pr\u00e9parer leurs entreprises \u00e0 \u00eatre les avant-gardes de l&rsquo;avenir.<\/p>\n<p>Le GCBL favorise une communaut\u00e9 d&rsquo;affaires dynamique et interconnect\u00e9e, encourageant la croissance et l&rsquo;expansion du march\u00e9 dans un environnement commercial progressiste o\u00f9 la collaboration stimule la croissance, o\u00f9 l&rsquo;\u00e9ducation renforce les capacit\u00e9s et favorise les opportunit\u00e9s, et o\u00f9 la d\u00e9fense des int\u00e9r\u00eats influence l&rsquo;autorit\u00e9.<\/p>\n<p>En cette D\u00e9cennie d&rsquo;action, les chefs d&rsquo;entreprise, les responsables gouvernementaux et les entrepreneurs du monde entier doivent se r\u00e9unir sur ce march\u00e9 mondial pour partager leurs connaissances, faciliter la collaboration et les opportunit\u00e9s commerciales, et travailler ensemble pour faire partie de la solution mondiale dans ce nouvel environnement commercial perturbateur. Reconna\u00eetre que les mod\u00e8les commerciaux innovants et les meilleures pratiques doivent \u00eatre associ\u00e9s \u00e0 des strat\u00e9gies de durabilit\u00e9. C&rsquo;est notre mandat mondial de gouverner, de d\u00e9velopper des politiques et de faire cro\u00eetre nos entreprises d&rsquo;une mani\u00e8re qui a un impact positif sur l&rsquo;environnement, la soci\u00e9t\u00e9 et notre \u00e9conomie mondiale.<\/p>\n<p>Les membres du GCBL repr\u00e9sentent tous les niveaux de l&rsquo;entreprise, du cadre sup\u00e9rieur au jeune cadre. Les membres partagent des opportunit\u00e9s, des exp\u00e9riences et des connaissances entre eux, favorisant ainsi l&rsquo;interaction et la conduite du changement dans les secteurs public et priv\u00e9. Plus que jamais, il est essentiel que les affaires mondiales deviennent des affaires communautaires, en adoptant la diversit\u00e9, la culture et la perspective d&rsquo;un r\u00e9seau mondial de professionnels.<\/p>\n<h3 style=\"text-align: center;\"><a href=\"https:\/\/swissfederalism.ch\/wp-content\/uploads\/2021\/06\/Deck-GCBL-Swiss.pdf\">DECK &#8211; Global Chamber of Business Leaders<\/a><\/h3>\n<p>[\/vc_column_text][\/vc_column][vc_column column_width_percent=\u00a0\u00bb100&Prime; gutter_size=\u00a0\u00bb3&Prime; back_image=\u00a0\u00bb104832&Prime; overlay_alpha=\u00a0\u00bb50&Prime; shift_x=\u00a0\u00bb0&Prime; shift_y=\u00a0\u00bb0&Prime; shift_y_down=\u00a0\u00bb0&Prime; z_index=\u00a0\u00bb0&Prime; medium_width=\u00a0\u00bb0&Prime; mobile_width=\u00a0\u00bb0&Prime; width=\u00a0\u00bb1\/2&Prime; mobile_height=\u00a0\u00bb340&Prime;][\/vc_column][\/vc_row][vc_row row_height_percent=\u00a0\u00bb50&Prime; override_padding=\u00a0\u00bbyes\u00a0\u00bb h_padding=\u00a0\u00bb2&Prime; top_padding=\u00a0\u00bb5&Prime; bottom_padding=\u00a0\u00bb5&Prime; back_image=\u00a0\u00bb84973&Prime; back_attachment=\u00a0\u00bbfixed\u00a0\u00bb back_position=\u00a0\u00bbcenter center\u00a0\u00bb kburns=\u00a0\u00bbyes\u00a0\u00bb overlay_color=\u00a0\u00bbcolor-lxmt\u00a0\u00bb overlay_alpha=\u00a0\u00bb92&Prime; gutter_size=\u00a0\u00bb3&Prime; column_width_percent=\u00a0\u00bb100&Prime; shift_y=\u00a0\u00bb0&Prime; z_index=\u00a0\u00bb0&Prime; row_name=\u00a0\u00bbIl nostro magazine\u00a0\u00bb][vc_column column_width_use_pixel=\u00a0\u00bbyes\u00a0\u00bb position_vertical=\u00a0\u00bbmiddle\u00a0\u00bb align_horizontal=\u00a0\u00bbalign_center\u00a0\u00bb gutter_size=\u00a0\u00bb3&Prime; overlay_alpha=\u00a0\u00bb50&Prime; shift_x=\u00a0\u00bb0&Prime; shift_y=\u00a0\u00bb0&Prime; shift_y_down=\u00a0\u00bb0&Prime; z_index=\u00a0\u00bb0&Prime; medium_width=\u00a0\u00bb0&Prime; mobile_width=\u00a0\u00bb0&Prime; width=\u00a0\u00bb1\/1&Prime; column_width_pixel=\u00a0\u00bb900&Prime;][vc_custom_heading heading_semantic=\u00a0\u00bbh6&Prime; text_size=\u00a0\u00bbfontsize-160000&Prime; text_transform=\u00a0\u00bbuppercase\u00a0\u00bb text_space=\u00a0\u00bbfontspace-135905&Prime; text_color=\u00a0\u00bbaccent\u00a0\u00bb]Notre Manifeste[\/vc_custom_heading][vc_custom_heading heading_semantic=\u00a0\u00bbh3&Prime; text_size=\u00a0\u00bbfontsize-155944&Prime;]Notre magazine[\/vc_custom_heading][vc_column_text]Notre magazine a l&rsquo;ambition de devenir la \u00ab\u00a0maison\u00a0\u00bb reconnue de tous les f\u00e9d\u00e9ralistes au niveau international. Avec notre magazine de grande qualit\u00e9, nous approfondissons les nombreuses questions li\u00e9es au f\u00e9d\u00e9ralisme et \u00e0 l&rsquo;autod\u00e9termination des peuples, ainsi que les grands changements g\u00e9opolitiques internationaux qui y sont li\u00e9s.<\/p>\n<p>\u00c0 cet \u00e9gard, nous pouvons nous targuer de disposer d&rsquo;une s\u00e9rie de collaborateurs bien pr\u00e9par\u00e9s sur le sujet et nous entretenons des relations avec des universit\u00e9s et des organismes internationaux de premi\u00e8re importance.[\/vc_column_text][vc_empty_space empty_h=\u00a0\u00bb2&Prime;][vc_button button_color=\u00a0\u00bbaccent\u00a0\u00bb outline=\u00a0\u00bbyes\u00a0\u00bb border_width=\u00a0\u00bb0&Prime; display=\u00a0\u00bbinline\u00a0\u00bb link=\u00a0\u00bburl:https%3A%2F%2Fswissfederalism.ch%2Ffr%2Fle-magazine-swiss-federalism%2F|title:Le%20magazine%20Swiss%20Federalism\u00a0\u00bb]Acc\u00e9dez au magazine[\/vc_button][\/vc_column][\/vc_row][vc_row unlock_row_content=\u00a0\u00bbyes\u00a0\u00bb row_height_percent=\u00a0\u00bb0&Prime; override_padding=\u00a0\u00bbyes\u00a0\u00bb h_padding=\u00a0\u00bb0&Prime; top_padding=\u00a0\u00bb0&Prime; bottom_padding=\u00a0\u00bb0&Prime; back_color=\u00a0\u00bbcolor-wayh\u00a0\u00bb overlay_alpha=\u00a0\u00bb50&Prime; equal_height=\u00a0\u00bbyes\u00a0\u00bb gutter_size=\u00a0\u00bb0&Prime; column_width_percent=\u00a0\u00bb100&Prime; shift_y=\u00a0\u00bb0&Prime; z_index=\u00a0\u00bb0&Prime; el_class=\u00a0\u00bbinverted-device-order\u00a0\u00bb row_name=\u00a0\u00bbIl nostro premio Start Up\u00a0\u00bb][vc_column column_width_use_pixel=\u00a0\u00bbyes\u00a0\u00bb gutter_size=\u00a0\u00bb3&Prime; override_padding=\u00a0\u00bbyes\u00a0\u00bb column_padding=\u00a0\u00bb5&Prime; style=\u00a0\u00bbdark\u00a0\u00bb overlay_alpha=\u00a0\u00bb50&Prime; shift_x=\u00a0\u00bb0&Prime; shift_y=\u00a0\u00bb0&Prime; shift_y_down=\u00a0\u00bb0&Prime; z_index=\u00a0\u00bb0&Prime; medium_width=\u00a0\u00bb0&Prime; mobile_width=\u00a0\u00bb0&Prime; width=\u00a0\u00bb1\/2&Prime; column_width_pixel=\u00a0\u00bb528&Prime;][vc_custom_heading heading_semantic=\u00a0\u00bbh6&Prime; text_size=\u00a0\u00bbfontsize-160000&Prime; text_transform=\u00a0\u00bbuppercase\u00a0\u00bb text_space=\u00a0\u00bbfontspace-135905&Prime; text_color=\u00a0\u00bbaccent\u00a0\u00bb]Notre Manifeste[\/vc_custom_heading][vc_custom_heading text_size=\u00a0\u00bbfontsize-155944&Prime;]INTERNATIONAL INNOVATIVE START UP\/SME AWARD[\/vc_custom_heading][vc_column_text text_lead=\u00a0\u00bbsmall\u00a0\u00bb]Chaque ann\u00e9e, le <strong>Swiss Federalism<\/strong> <strong>&amp; GCBL<\/strong> et l<strong>&lsquo;Institut Milton Friedman<\/strong> organisent \u00e0 Zurich, en Suisse, un \u00e9v\u00e9nement international de tr\u00e8s haut niveau, le Prix international de la start-up \u00ab\u00a0Milton Friedman\/F\u00e9d\u00e9ralisme suisse\u00a0\u00bb.<\/p>\n<p>Les valeurs communes de Swiss Federalism et de Milton Friedman sont incarn\u00e9es dans ce grand \u00e9v\u00e9nement qui vise \u00e0 attirer le meilleur de l&rsquo;excellence mondiale dans le domaine des nouvelles technologies et des nouvelles id\u00e9es commerciales.<\/p>\n<p>Les meilleures start-ups et spin-offs universitaires du monde entier dans les diff\u00e9rents secteurs (dans les domaines de la fin tech, de la health tech, de l&rsquo;\u00e9nergie, de la technologie) sont r\u00e9compens\u00e9es par un jury compos\u00e9 d&rsquo;universitaires et de personnalit\u00e9s du monde politique, \u00e9conomique et institutionnel, ayant une large visibilit\u00e9 internationale.[\/vc_column_text][vc_empty_space empty_h=\u00a0\u00bb1&Prime;][\/vc_column][vc_column column_width_percent=\u00a0\u00bb100&Prime; gutter_size=\u00a0\u00bb3&Prime; back_image=\u00a0\u00bb15594&Prime; overlay_alpha=\u00a0\u00bb50&Prime; shift_x=\u00a0\u00bb0&Prime; shift_y=\u00a0\u00bb0&Prime; shift_y_down=\u00a0\u00bb0&Prime; z_index=\u00a0\u00bb0&Prime; medium_width=\u00a0\u00bb0&Prime; mobile_width=\u00a0\u00bb0&Prime; width=\u00a0\u00bb1\/2&Prime; mobile_height=\u00a0\u00bb340&Prime;][\/vc_column][\/vc_row]<\/p>\n<\/div>","protected":false},"excerpt":{"rendered":"<p>Ricordiamo qui il nostro manifesto e lo scopo dell&rsquo;associazione<\/p>\n","protected":false},"author":1,"featured_media":88357,"parent":0,"menu_order":0,"comment_status":"closed","ping_status":"closed","template":"","meta":{"footnotes":""},"class_list":["post-90082","page","type-page","status-publish","has-post-thumbnail","hentry"],"_links":{"self":[{"href":"https:\/\/swissfederalism.ch\/fr\/wp-json\/wp\/v2\/pages\/90082","targetHints":{"allow":["GET"]}}],"collection":[{"href":"https:\/\/swissfederalism.ch\/fr\/wp-json\/wp\/v2\/pages"}],"about":[{"href":"https:\/\/swissfederalism.ch\/fr\/wp-json\/wp\/v2\/types\/page"}],"author":[{"embeddable":true,"href":"https:\/\/swissfederalism.ch\/fr\/wp-json\/wp\/v2\/users\/1"}],"replies":[{"embeddable":true,"href":"https:\/\/swissfederalism.ch\/fr\/wp-json\/wp\/v2\/comments?post=90082"}],"version-history":[{"count":7,"href":"https:\/\/swissfederalism.ch\/fr\/wp-json\/wp\/v2\/pages\/90082\/revisions"}],"predecessor-version":[{"id":104912,"href":"https:\/\/swissfederalism.ch\/fr\/wp-json\/wp\/v2\/pages\/90082\/revisions\/104912"}],"wp:featuredmedia":[{"embeddable":true,"href":"https:\/\/swissfederalism.ch\/fr\/wp-json\/wp\/v2\/media\/88357"}],"wp:attachment":[{"href":"https:\/\/swissfederalism.ch\/fr\/wp-json\/wp\/v2\/media?parent=90082"}],"curies":[{"name":"wp","href":"https:\/\/api.w.org\/{rel}","templated":true}]}}