{"id":90069,"date":"2020-11-05T14:40:20","date_gmt":"2020-11-05T14:40:20","guid":{"rendered":"https:\/\/swissfederalism.ch\/lassociazione-swiss-federalism\/"},"modified":"2021-05-02T10:39:29","modified_gmt":"2021-05-02T10:39:29","slug":"lassociation-swiss-federalism","status":"publish","type":"page","link":"https:\/\/swissfederalism.ch\/fr\/lassociation-swiss-federalism\/","title":{"rendered":"L&rsquo;association Swiss Federalism"},"content":{"rendered":"<div class=\"wpb-content-wrapper\"><p>[vc_row row_height_percent=\u00a0\u00bb50&Prime; override_padding=\u00a0\u00bbyes\u00a0\u00bb h_padding=\u00a0\u00bb2&Prime; top_padding=\u00a0\u00bb5&Prime; bottom_padding=\u00a0\u00bb0&Prime; overlay_alpha=\u00a0\u00bb50&Prime; gutter_size=\u00a0\u00bb3&Prime; column_width_percent=\u00a0\u00bb100&Prime; shift_y=\u00a0\u00bb0&Prime; z_index=\u00a0\u00bb0&Prime;][vc_column column_width_use_pixel=\u00a0\u00bbyes\u00a0\u00bb position_vertical=\u00a0\u00bbmiddle\u00a0\u00bb align_horizontal=\u00a0\u00bbalign_center\u00a0\u00bb gutter_size=\u00a0\u00bb3&Prime; overlay_alpha=\u00a0\u00bb50&Prime; shift_x=\u00a0\u00bb0&Prime; shift_y=\u00a0\u00bb0&Prime; shift_y_down=\u00a0\u00bb0&Prime; z_index=\u00a0\u00bb0&Prime; medium_width=\u00a0\u00bb0&Prime; mobile_width=\u00a0\u00bb0&Prime; width=\u00a0\u00bb1\/1&Prime; column_width_pixel=\u00a0\u00bb900&Prime;][vc_custom_heading heading_semantic=\u00a0\u00bbh1&Prime; text_size=\u00a0\u00bbfontsize-160000&Prime; text_transform=\u00a0\u00bbuppercase\u00a0\u00bb text_space=\u00a0\u00bbfontspace-135905&Prime; text_color=\u00a0\u00bbaccent\u00a0\u00bb]L&rsquo;association[\/vc_custom_heading][vc_custom_heading text_font=\u00a0\u00bbfont-202503&Prime; text_size=\u00a0\u00bbfontsize-155944&Prime; text_weight=\u00a0\u00bb700&Prime; text_height=\u00a0\u00bbfontheight-179065&Prime; text_space=\u00a0\u00bbfontspace-111509&Prime;]SWISS FEDERALISM qu&rsquo;est-ce que c&rsquo;est, quelle est sa fonction et quel est son but ?[\/vc_custom_heading][vc_column_text text_lead=\u00a0\u00bbyes\u00a0\u00bb]\u00a0\u00bbSwiss Federalism\u00a0\u00bb est une association internationale dont le but est la promotion mondiale du mod\u00e8le f\u00e9d\u00e9raliste, politique et \u00e9conomique suisse, avec un accent particulier sur le mod\u00e8le f\u00e9d\u00e9raliste suisse sp\u00e9cifique.[\/vc_column_text][vc_empty_space empty_h=\u00a0\u00bb2&Prime;][\/vc_column][\/vc_row][vc_row row_height_percent=\u00a0\u00bb0&Prime; override_padding=\u00a0\u00bbyes\u00a0\u00bb h_padding=\u00a0\u00bb2&Prime; top_padding=\u00a0\u00bb0&Prime; bottom_padding=\u00a0\u00bb5&Prime; overlay_alpha=\u00a0\u00bb50&Prime; gutter_size=\u00a0\u00bb3&Prime; column_width_percent=\u00a0\u00bb100&Prime; shift_y=\u00a0\u00bb0&Prime; z_index=\u00a0\u00bb0&Prime;][vc_column width=\u00a0\u00bb1\/1&Prime;][vc_separator][vc_row_inner limit_content=\u00a0\u00bb\u00a0\u00bb][vc_column_inner width=\u00a0\u00bb1\/2&Prime;][vc_custom_heading heading_semantic=\u00a0\u00bbh3&Prime; text_size=\u00a0\u00bbh1&Prime;]Le f\u00e9d\u00e9ralisme est un \u00e9l\u00e9ment de culture qui a des racines profondes dans notre civilisation occidentale.[\/vc_custom_heading][vc_column_text]L&rsquo;association a pour objectif d&rsquo;organiser des conf\u00e9rences internationales de haut niveau sur ce sujet et de rassembler des soutiens dans le monde entier.<\/p>\n<p><strong>Le syst\u00e8me f\u00e9d\u00e9ral suisse est un mod\u00e8le politique et \u00e9conomique qui doit \u00eatre renforc\u00e9, d\u00e9fendu et promu au-del\u00e0 des fronti\u00e8res de la Suisse :<\/strong>[\/vc_column_text][\/vc_column_inner][vc_column_inner column_width_percent=\u00a0\u00bb100&Prime; gutter_size=\u00a0\u00bb3&Prime; overlay_alpha=\u00a0\u00bb50&Prime; shift_x=\u00a0\u00bb0&Prime; shift_y=\u00a0\u00bb0&Prime; shift_y_down=\u00a0\u00bb0&Prime; z_index=\u00a0\u00bb0&Prime; medium_width=\u00a0\u00bb0&Prime; mobile_width=\u00a0\u00bb0&Prime; width=\u00a0\u00bb1\/2&Prime;][uncode_list icon=\u00a0\u00bbfa fa-check\u00a0\u00bb icon_color=\u00a0\u00bbaccent\u00a0\u00bb]<\/p>\n<ul>\n<li>Les liens scientifiques entre le mod\u00e8le f\u00e9d\u00e9ral suisse et la comp\u00e9titivit\u00e9 de son syst\u00e8me \u00e9conomique sont bien \u00e9tablis. Selon toutes les statistiques internationales, la Conf\u00e9d\u00e9ration suisse est le pays le plus comp\u00e9titif au monde.<\/li>\n<li>M\u00eame pendant les pires ann\u00e9es de la crise \u00e9conomique europ\u00e9enne, la Suisse a continu\u00e9 \u00e0 se d\u00e9velopper gr\u00e2ce \u00e0 la r\u00e9silience d&rsquo;un syst\u00e8me unique au monde. En termes d&rsquo;appareil \u00e9conomique et politique et d&rsquo;innovation technologique, le pays est sans \u00e9gal.<\/li>\n<li>Le f\u00e9d\u00e9ralisme rapproche le syst\u00e8me d\u00e9cisionnel des citoyens : avec la d\u00e9mocratie directe, la possibilit\u00e9 pour le peuple de s&rsquo;exprimer par r\u00e9f\u00e9rendum sur n&rsquo;importe quel sujet, il garantit la satisfaction des \u00e9lecteurs et un plus grand contr\u00f4le populaire sur les \u00e9lus, g\u00e9n\u00e9rateur d&rsquo;efficacit\u00e9.<\/li>\n<\/ul>\n<p>[\/uncode_list][\/vc_column_inner][\/vc_row_inner][vc_separator][vc_custom_heading text_font=\u00a0\u00bbfont-202503&Prime; text_weight=\u00a0\u00bb400&Prime; text_height=\u00a0\u00bbfontheight-179065&Prime; text_space=\u00a0\u00bbfontspace-781688&Prime;]\u00a0\u00bbSwiss Federalism\u00a0\u00bb est une association internationale dont le but est la promotion mondiale du mod\u00e8le f\u00e9d\u00e9raliste, politique et \u00e9conomique suisse, avec un accent particulier sur le mod\u00e8le f\u00e9d\u00e9raliste suisse sp\u00e9cifique..[\/vc_custom_heading][vc_row_inner limit_content=\u00a0\u00bb\u00a0\u00bb][vc_column_inner column_width_percent=\u00a0\u00bb100&Prime; align_horizontal=\u00a0\u00bbalign_center\u00a0\u00bb gutter_size=\u00a0\u00bb3&Prime; override_padding=\u00a0\u00bbyes\u00a0\u00bb column_padding=\u00a0\u00bb3&Prime; expand_height=\u00a0\u00bbyes\u00a0\u00bb style=\u00a0\u00bbdark\u00a0\u00bb back_color=\u00a0\u00bbaccent\u00a0\u00bb overlay_alpha=\u00a0\u00bb50&Prime; shift_x=\u00a0\u00bb0&Prime; shift_y=\u00a0\u00bb0&Prime; shift_y_down=\u00a0\u00bb0&Prime; z_index=\u00a0\u00bb0&Prime; medium_width=\u00a0\u00bb0&Prime; mobile_width=\u00a0\u00bb0&Prime; width=\u00a0\u00bb1\/3&Prime;][vc_custom_heading heading_semantic=\u00a0\u00bbh3&Prime; text_size=\u00a0\u00bbh4&Prime; sub_reduced=\u00a0\u00bbyes\u00a0\u00bb subheading=\u00a0\u00bbPromouvoir le f\u00e9d\u00e9ralisme suisse et ses avantages pour l&rsquo;\u00e9conomie et la soci\u00e9t\u00e9 dans son ensemble au niveau international.\u00a0\u00bb]POLITIQUE[\/vc_custom_heading][\/vc_column_inner][vc_column_inner column_width_percent=\u00a0\u00bb100&Prime; align_horizontal=\u00a0\u00bbalign_center\u00a0\u00bb gutter_size=\u00a0\u00bb3&Prime; override_padding=\u00a0\u00bbyes\u00a0\u00bb column_padding=\u00a0\u00bb3&Prime; expand_height=\u00a0\u00bbyes\u00a0\u00bb style=\u00a0\u00bblight\u00a0\u00bb back_color=\u00a0\u00bbcolor-190797&Prime; overlay_alpha=\u00a0\u00bb50&Prime; shift_x=\u00a0\u00bb0&Prime; shift_y=\u00a0\u00bb0&Prime; shift_y_down=\u00a0\u00bb0&Prime; z_index=\u00a0\u00bb0&Prime; medium_width=\u00a0\u00bb0&Prime; mobile_width=\u00a0\u00bb0&Prime; width=\u00a0\u00bb1\/3&Prime;][vc_custom_heading heading_semantic=\u00a0\u00bbh3&Prime; text_size=\u00a0\u00bbh4&Prime; sub_reduced=\u00a0\u00bbyes\u00a0\u00bb subheading=\u00a0\u00bbProt\u00e9ger et promouvoir l&rsquo;italien en tant que langue minoritaire en Suisse, aux c\u00f4t\u00e9s de l&rsquo;allemand, du fran\u00e7ais et du romanche.\u00a0\u00bb]CULTURE[\/vc_custom_heading][\/vc_column_inner][vc_column_inner column_width_percent=\u00a0\u00bb100&Prime; align_horizontal=\u00a0\u00bbalign_center\u00a0\u00bb gutter_size=\u00a0\u00bb3&Prime; override_padding=\u00a0\u00bbyes\u00a0\u00bb column_padding=\u00a0\u00bb3&Prime; expand_height=\u00a0\u00bbyes\u00a0\u00bb style=\u00a0\u00bblight\u00a0\u00bb back_color=\u00a0\u00bbcolor-gyho\u00a0\u00bb overlay_alpha=\u00a0\u00bb50&Prime; shift_x=\u00a0\u00bb0&Prime; shift_y=\u00a0\u00bb0&Prime; shift_y_down=\u00a0\u00bb0&Prime; z_index=\u00a0\u00bb0&Prime; medium_width=\u00a0\u00bb0&Prime; mobile_width=\u00a0\u00bb0&Prime; width=\u00a0\u00bb1\/3&Prime;][vc_custom_heading heading_semantic=\u00a0\u00bbh3&Prime; text_size=\u00a0\u00bbh4&Prime; sub_reduced=\u00a0\u00bbyes\u00a0\u00bb subheading=\u00a0\u00bbSoutien aux petites et moyennes entreprises suisses, avec une attention particuli\u00e8re pour celles dirig\u00e9es par des entrepreneurs d&rsquo;origine ou de langue italienne.\u00a0\u00bb]\u00c9CONOMIE[\/vc_custom_heading][\/vc_column_inner][\/vc_row_inner][\/vc_column][\/vc_row][vc_row][vc_column width=\u00a0\u00bb1\/1&Prime;][vc_custom_heading text_color=\u00a0\u00bbcolor-143431&Prime;]<\/p>\n<h1><span style=\"color: #0000ff;\">NOS PARTENAIRES STRAT\u00c9GIQUES<\/span><\/h1>\n<figure id=\"attachment_94587\" aria-describedby=\"caption-attachment-94587\" style=\"width: 252px\" class=\"wp-caption aligncenter\"><a href=\"https:\/\/www.gcofbl.org\/\"><img decoding=\"async\" class=\"wp-image-94587 size-full\" src=\"https:\/\/swissfederalism.ch\/wp-content\/uploads\/2021\/04\/gcbl.png\" alt=\"Logotipo Global Chamber of Business Leaders\" width=\"252\" height=\"84\" \/><\/a><figcaption id=\"caption-attachment-94587\" class=\"wp-caption-text\"><strong>Global Chamber of Business Leaders<\/strong><\/figcaption><\/figure>\n<p>&nbsp;<\/p>\n<figure id=\"attachment_94591\" aria-describedby=\"caption-attachment-94591\" style=\"width: 300px\" class=\"wp-caption aligncenter\"><a href=\"http:\/\/www.friedman.it\" target=\"_blank\" rel=\"noopener\"><img decoding=\"async\" class=\"wp-image-94591 size-medium\" src=\"https:\/\/swissfederalism.ch\/wp-content\/uploads\/2021\/04\/milton-friedman-inst-logo-300x125.png\" alt=\"Logotipo Istituto milton friedman\" width=\"300\" height=\"125\" srcset=\"https:\/\/swissfederalism.ch\/wp-content\/uploads\/2021\/04\/milton-friedman-inst-logo-300x125.png 300w, https:\/\/swissfederalism.ch\/wp-content\/uploads\/2021\/04\/milton-friedman-inst-logo-1024x426.png 1024w, https:\/\/swissfederalism.ch\/wp-content\/uploads\/2021\/04\/milton-friedman-inst-logo-768x320.png 768w, https:\/\/swissfederalism.ch\/wp-content\/uploads\/2021\/04\/milton-friedman-inst-logo-1536x639.png 1536w, https:\/\/swissfederalism.ch\/wp-content\/uploads\/2021\/04\/milton-friedman-inst-logo-2048x853.png 2048w, https:\/\/swissfederalism.ch\/wp-content\/uploads\/2021\/04\/milton-friedman-inst-logo.png 2186w\" sizes=\"(max-width: 300px) 100vw, 300px\" \/><\/a><figcaption id=\"caption-attachment-94591\" class=\"wp-caption-text\"><strong>Istituto milton friedman<\/strong><\/figcaption><\/figure>\n<figure id=\"attachment_94595\" aria-describedby=\"caption-attachment-94595\" style=\"width: 288px\" class=\"wp-caption aligncenter\"><a href=\"https:\/\/www.learnliberty.org\/sfl-academy\/\" target=\"_blank\" rel=\"noopener\"><img decoding=\"async\" class=\"wp-image-94595 size-full\" src=\"https:\/\/swissfederalism.ch\/wp-content\/uploads\/2021\/04\/STUDENTS-FOR-LIBERTY.png\" alt=\"Logotipo STUDENTS FOR LIBERTY\" width=\"288\" height=\"163\" \/><\/a><figcaption id=\"caption-attachment-94595\" class=\"wp-caption-text\"><strong>STUDENTS FOR LIBERTY<\/strong><\/figcaption><\/figure>\n<p>&nbsp;<\/p>\n<figure id=\"attachment_94583\" aria-describedby=\"caption-attachment-94583\" style=\"width: 300px\" class=\"wp-caption aligncenter\"><a href=\"http:\/\/https:\/\/www.linkedin.com\/authwall?trk=bf&amp;trkInfo=AQEiq85P3aMg8wAAAXjlMJpYOVRRc8Vo38GjgEe0o7RkCQvmBn5ZPctHjQLHW1DfUJv6IBVHckJJI-3D5Yrr7PS1_YmDTb_b-6UhzAH-4YtgezILhbEJlfjpDUr3XGdgfIBf6m8=&amp;originalReferer=&amp;sessionRedirect=https%3A%2F%2Fwww.linkedin.com%2Fcompany%2Feve-elite-value-exchange%2F\" target=\"_blank\" rel=\"noopener\"><img decoding=\"async\" class=\"wp-image-94583 size-medium\" src=\"https:\/\/swissfederalism.ch\/wp-content\/uploads\/2021\/04\/eVE-eLITE-aCADEMY-300x156.png\" alt=\"Logotipo eVE eLITE aCADEMY\" width=\"300\" height=\"156\" srcset=\"https:\/\/swissfederalism.ch\/wp-content\/uploads\/2021\/04\/eVE-eLITE-aCADEMY-300x156.png 300w, https:\/\/swissfederalism.ch\/wp-content\/uploads\/2021\/04\/eVE-eLITE-aCADEMY.png 350w\" sizes=\"(max-width: 300px) 100vw, 300px\" \/><\/a><figcaption id=\"caption-attachment-94583\" class=\"wp-caption-text\"><strong>eVE eLITE aCADEMY<\/strong><\/figcaption><\/figure>\n<p>[\/vc_custom_heading][\/vc_column][\/vc_row]<\/p>\n<\/div>","protected":false},"excerpt":{"rendered":"<p>[vc_row row_height_percent=\u00a0\u00bb50&Prime; override_padding=\u00a0\u00bbyes\u00a0\u00bb h_padding=\u00a0\u00bb2&Prime; top_padding=\u00a0\u00bb5&Prime; bottom_padding=\u00a0\u00bb0&Prime; overlay_alpha=\u00a0\u00bb50&Prime; gutter_size=\u00a0\u00bb3&Prime; column_width_percent=\u00a0\u00bb100&Prime; shift_y=\u00a0\u00bb0&Prime; z_index=\u00a0\u00bb0&Prime;][vc_column column_width_use_pixel=\u00a0\u00bbyes\u00a0\u00bb position_vertical=\u00a0\u00bbmiddle\u00a0\u00bb align_horizontal=\u00a0\u00bbalign_center\u00a0\u00bb gutter_size=\u00a0\u00bb3&Prime; overlay_alpha=\u00a0\u00bb50&Prime; shift_x=\u00a0\u00bb0&Prime; shift_y=\u00a0\u00bb0&Prime; shift_y_down=\u00a0\u00bb0&Prime; z_index=\u00a0\u00bb0&Prime; [&hellip;]<\/p>\n","protected":false},"author":1,"featured_media":235913,"parent":0,"menu_order":0,"comment_status":"closed","ping_status":"closed","template":"","meta":{"footnotes":""},"class_list":["post-90069","page","type-page","status-publish","has-post-thumbnail","hentry"],"_links":{"self":[{"href":"https:\/\/swissfederalism.ch\/fr\/wp-json\/wp\/v2\/pages\/90069","targetHints":{"allow":["GET"]}}],"collection":[{"href":"https:\/\/swissfederalism.ch\/fr\/wp-json\/wp\/v2\/pages"}],"about":[{"href":"https:\/\/swissfederalism.ch\/fr\/wp-json\/wp\/v2\/types\/page"}],"author":[{"embeddable":true,"href":"https:\/\/swissfederalism.ch\/fr\/wp-json\/wp\/v2\/users\/1"}],"replies":[{"embeddable":true,"href":"https:\/\/swissfederalism.ch\/fr\/wp-json\/wp\/v2\/comments?post=90069"}],"version-history":[{"count":7,"href":"https:\/\/swissfederalism.ch\/fr\/wp-json\/wp\/v2\/pages\/90069\/revisions"}],"predecessor-version":[{"id":96817,"href":"https:\/\/swissfederalism.ch\/fr\/wp-json\/wp\/v2\/pages\/90069\/revisions\/96817"}],"wp:featuredmedia":[{"embeddable":true,"href":"https:\/\/swissfederalism.ch\/fr\/wp-json\/wp\/v2\/media\/235913"}],"wp:attachment":[{"href":"https:\/\/swissfederalism.ch\/fr\/wp-json\/wp\/v2\/media?parent=90069"}],"curies":[{"name":"wp","href":"https:\/\/api.w.org\/{rel}","templated":true}]}}