{"id":90062,"date":"2021-02-15T09:17:00","date_gmt":"2021-02-15T09:17:00","guid":{"rendered":"https:\/\/swissfederalism.ch\/iscriviti-allassociazione\/"},"modified":"2025-02-23T16:06:14","modified_gmt":"2025-02-23T16:06:14","slug":"adherer-a-lassociation","status":"publish","type":"page","link":"https:\/\/swissfederalism.ch\/fr\/adherer-a-lassociation\/","title":{"rendered":"Adherer a l&rsquo;Association"},"content":{"rendered":"<div class=\"wpb-content-wrapper\"><p>[vc_row unlock_row_content=\u00a0\u00bbyes\u00a0\u00bb row_height_percent=\u00a0\u00bb0&Prime; override_padding=\u00a0\u00bbyes\u00a0\u00bb h_padding=\u00a0\u00bb2&Prime; top_padding=\u00a0\u00bb5&Prime; bottom_padding=\u00a0\u00bb2&Prime; overlay_alpha=\u00a0\u00bb100&Prime; gutter_size=\u00a0\u00bb100&Prime; column_width_percent=\u00a0\u00bb100&Prime; shift_y=\u00a0\u00bb0&Prime; z_index=\u00a0\u00bb0&Prime; style=\u00a0\u00bbinherited\u00a0\u00bb][vc_column column_width_use_pixel=\u00a0\u00bbyes\u00a0\u00bb align_horizontal=\u00a0\u00bbalign_center\u00a0\u00bb gutter_size=\u00a0\u00bb3&Prime; overlay_alpha=\u00a0\u00bb100&Prime; shift_x=\u00a0\u00bb0&Prime; shift_y=\u00a0\u00bb0&Prime; shift_y_down=\u00a0\u00bb0&Prime; z_index=\u00a0\u00bb0&Prime; medium_width=\u00a0\u00bb100&Prime; mobile_width=\u00a0\u00bb0&Prime; zoom_width=\u00a0\u00bb0&Prime; zoom_height=\u00a0\u00bb0&Prime; width=\u00a0\u00bb1\/1&Prime; column_width_pixel=\u00a0\u00bb900&Prime;][vc_custom_heading heading_semantic=\u00a0\u00bbh3&Prime; text_size=\u00a0\u00bbh1&Prime; sub_lead=\u00a0\u00bbyes\u00a0\u00bb sub_reduced=\u00a0\u00bbyes\u00a0\u00bb text_align=\u00a0\u00bbtext-center\u00a0\u00bb subheading=\u00a0\u00bbSi vous souhaitez soutenir les valeurs du f\u00e9d\u00e9ralisme, de la libert\u00e9 et de la d\u00e9mocratie directe, rejoignez l&rsquo;Association culturelle Swiss Federalism !<\/p>\n<p>Soumettez votre demande d&rsquo;adh\u00e9sion au Conseil d&rsquo;administration et devenez membre d&rsquo;une communaut\u00e9 qui promeut :<br \/>\n\u2705 La neutralit\u00e9 et l&rsquo;ind\u00e9pendance de la Suisse<br \/>\n\u2705 Le f\u00e9d\u00e9ralisme et la d\u00e9mocratie directe<br \/>\n\u2705 La croissance des petites et moyennes entreprises<br \/>\n\u2705 L&rsquo;attraction de capitaux vers la Suisse<br \/>\n\u2705 La valorisation de la langue italienne<\/p>\n<p>En devenant membre, vous d\u00e9montrez votre engagement en faveur d&rsquo;une Suisse plus forte, plus libre et plus prosp\u00e8re. Rejoignez-nous !<br \/>\n\u00a0\u00bb uncode_shortcode_id=\u00a0\u00bb442910&Prime;]Adh\u00e9rer \u00e0 l&rsquo;association[\/vc_custom_heading][\/vc_column][\/vc_row][vc_row unlock_row_content=\u00a0\u00bbyes\u00a0\u00bb row_height_percent=\u00a0\u00bb0&Prime; override_padding=\u00a0\u00bbyes\u00a0\u00bb h_padding=\u00a0\u00bb5&Prime; top_padding=\u00a0\u00bb2&Prime; bottom_padding=\u00a0\u00bb2&Prime; overlay_alpha=\u00a0\u00bb50&Prime; gutter_size=\u00a0\u00bb3&Prime; column_width_percent=\u00a0\u00bb100&Prime; shift_y=\u00a0\u00bb0&Prime; z_index=\u00a0\u00bb0&Prime;][vc_column width=\u00a0\u00bb1\/1&Prime;][vc_separator sep_color=\u00a0\u00bb,Default\u00a0\u00bb][\/vc_column][\/vc_row][vc_row unlock_row_content=\u00a0\u00bbyes\u00a0\u00bb row_height_percent=\u00a0\u00bb0&Prime; override_padding=\u00a0\u00bbyes\u00a0\u00bb h_padding=\u00a0\u00bb5&Prime; top_padding=\u00a0\u00bb2&Prime; bottom_padding=\u00a0\u00bb0&Prime; overlay_alpha=\u00a0\u00bb50&Prime; gutter_size=\u00a0\u00bb3&Prime; column_width_percent=\u00a0\u00bb100&Prime; shift_y=\u00a0\u00bb0&Prime; z_index=\u00a0\u00bb0&Prime;][vc_column column_width_percent=\u00a0\u00bb100&Prime; gutter_size=\u00a0\u00bb3&Prime; expand_height=\u00a0\u00bbyes\u00a0\u00bb overlay_alpha=\u00a0\u00bb50&Prime; border_color=\u00a0\u00bbcolor-gyho\u00a0\u00bb border_style=\u00a0\u00bbsolid\u00a0\u00bb shift_x=\u00a0\u00bb0&Prime; shift_y=\u00a0\u00bb0&Prime; shift_y_down=\u00a0\u00bb0&Prime; z_index=\u00a0\u00bb0&Prime; medium_width=\u00a0\u00bb0&Prime; mobile_width=\u00a0\u00bb0&Prime; width=\u00a0\u00bb1\/3&Prime; css=\u00a0\u00bb.vc_custom_1613380381518{border-right-width: 1px !important;padding-right: 20px !important;}\u00a0\u00bb][vc_icon icon=\u00a0\u00bbfa fa-edit\u00a0\u00bb icon_color=\u00a0\u00bbaccent\u00a0\u00bb background_style=\u00a0\u00bbfa-rounded\u00a0\u00bb size=\u00a0\u00bbfa-3x\u00a0\u00bb text_font=\u00a0\u00bbfont-202503&Prime; text_weight=\u00a0\u00bb400&Prime; text_height=\u00a0\u00bbfontheight-179065&Prime; text_space=\u00a0\u00bbfontspace-781688&Prime; linked_title=\u00a0\u00bbyes\u00a0\u00bb title=\u00a0\u00bbMembership Card &#8211; annuelle\u00a0\u00bb link=\u00a0\u00bburl:https%3A%2F%2Fswissfederalism.ch%2Ftessera-individuale%2F|title:Tessera%20individuale\u00a0\u00bb uncode_shortcode_id=\u00a0\u00bb505429&Prime; icon_color_type=\u00a0\u00bbuncode-palette\u00a0\u00bb]La <strong data-start=\"3\" data-end=\"31\">Carte de Membre Annuelle<\/strong> comprend une carte plastique personnalis\u00e9e et num\u00e9rot\u00e9e, offrant un acc\u00e8s \u00e0 des services exclusifs propos\u00e9s par nos sponsors et entreprises partenaires.<\/p>\n<p>[\/vc_icon][\/vc_column][vc_column column_width_percent=\u00a0\u00bb100&Prime; gutter_size=\u00a0\u00bb3&Prime; expand_height=\u00a0\u00bbyes\u00a0\u00bb overlay_alpha=\u00a0\u00bb50&Prime; border_color=\u00a0\u00bbcolor-gyho\u00a0\u00bb border_style=\u00a0\u00bbsolid\u00a0\u00bb shift_x=\u00a0\u00bb0&Prime; shift_y=\u00a0\u00bb0&Prime; shift_y_down=\u00a0\u00bb0&Prime; z_index=\u00a0\u00bb0&Prime; medium_width=\u00a0\u00bb0&Prime; mobile_width=\u00a0\u00bb0&Prime; width=\u00a0\u00bb1\/3&Prime; css=\u00a0\u00bb.vc_custom_1613380374690{border-right-width: 1px !important;padding-right: 20px !important;}\u00a0\u00bb][vc_icon icon=\u00a0\u00bbfa fa-edit\u00a0\u00bb icon_color=\u00a0\u00bbcolor-149363&Prime; background_style=\u00a0\u00bbfa-rounded\u00a0\u00bb size=\u00a0\u00bbfa-3x\u00a0\u00bb text_font=\u00a0\u00bbfont-202503&Prime; text_weight=\u00a0\u00bb400&Prime; text_height=\u00a0\u00bbfontheight-179065&Prime; text_space=\u00a0\u00bbfontspace-781688&Prime; linked_title=\u00a0\u00bbyes\u00a0\u00bb title=\u00a0\u00bbFamily Card &#8211; Annuelle\u00a0\u00bb link=\u00a0\u00bburl:https%3A%2F%2Fswissfederalism.ch%2Ftessera-famiglia-annuale%2F|title:Tessera%20famiglia%20annuale\u00a0\u00bb uncode_shortcode_id=\u00a0\u00bb182738&Prime; icon_color_type=\u00a0\u00bbuncode-palette\u00a0\u00bb]<\/p>\n<p class=\"p1\">La <strong data-start=\"3\" data-end=\"31\">Carte Familiale Annuelle<\/strong> (pour les familles et les couples, y compris les enfants vivant au domicile) comprend une carte plastique num\u00e9rot\u00e9e par unit\u00e9 familiale ou de couple et donne acc\u00e8s \u00e0 des services exclusifs offerts par nos sponsors et entreprises partenaires.<\/p>\n<p>\u00a0[\/vc_icon][\/vc_column][vc_column column_width_percent=\u00a0\u00bb100&Prime; gutter_size=\u00a0\u00bb3&Prime; expand_height=\u00a0\u00bbyes\u00a0\u00bb overlay_alpha=\u00a0\u00bb50&Prime; shift_x=\u00a0\u00bb0&Prime; shift_y=\u00a0\u00bb0&Prime; shift_y_down=\u00a0\u00bb0&Prime; z_index=\u00a0\u00bb0&Prime; medium_width=\u00a0\u00bb0&Prime; mobile_width=\u00a0\u00bb0&Prime; width=\u00a0\u00bb1\/3&Prime; css=\u00a0\u00bb.vc_custom_1613380368772{padding-right: 20px !important;}\u00a0\u00bb][vc_icon icon=\u00a0\u00bbfa fa-edit\u00a0\u00bb icon_color=\u00a0\u00bbcolor-vyce\u00a0\u00bb background_style=\u00a0\u00bbfa-rounded\u00a0\u00bb size=\u00a0\u00bbfa-3x\u00a0\u00bb heading_semantic=\u00a0\u00bbh4&Prime; text_font=\u00a0\u00bbfont-202503&Prime; text_weight=\u00a0\u00bb400&Prime; text_height=\u00a0\u00bbfontheight-179065&Prime; text_space=\u00a0\u00bbfontspace-781688&Prime; linked_title=\u00a0\u00bbyes\u00a0\u00bb title=\u00a0\u00bbCorporate Card &#8211; Annuelle\u00a0\u00bb link=\u00a0\u00bburl:https%3A%2F%2Fswissfederalism.ch%2Ftessera-aziendale-o-associativa-annuale%2F|title:Tessera%20aziendale%20o%20associativa%20annuale\u00a0\u00bb uncode_shortcode_id=\u00a0\u00bb162287&Prime; icon_color_type=\u00a0\u00bbuncode-palette\u00a0\u00bb]<\/p>\n<p class=\"p1\">La <strong data-start=\"189\" data-end=\"218\">Carte Entreprise Annuelle<\/strong> comprend une carte plastique num\u00e9rot\u00e9e d\u00e9di\u00e9e aux entreprises et associations, offrant un acc\u00e8s \u00e0 des services exclusifs fournis par nos sponsors et partenaires.<\/p>\n<p>\u00a0[\/vc_icon][\/vc_column][\/vc_row][vc_row unlock_row_content=\u00a0\u00bbyes\u00a0\u00bb row_height_percent=\u00a0\u00bb0&Prime; override_padding=\u00a0\u00bbyes\u00a0\u00bb h_padding=\u00a0\u00bb5&Prime; top_padding=\u00a0\u00bb2&Prime; bottom_padding=\u00a0\u00bb2&Prime; overlay_alpha=\u00a0\u00bb50&Prime; gutter_size=\u00a0\u00bb3&Prime; column_width_percent=\u00a0\u00bb100&Prime; shift_y=\u00a0\u00bb0&Prime; z_index=\u00a0\u00bb0&Prime;][vc_column width=\u00a0\u00bb1\/1&Prime;][vc_separator sep_color=\u00a0\u00bb,Default\u00a0\u00bb][\/vc_column][\/vc_row][vc_row unlock_row_content=\u00a0\u00bbyes\u00a0\u00bb row_height_percent=\u00a0\u00bb0&Prime; override_padding=\u00a0\u00bbyes\u00a0\u00bb h_padding=\u00a0\u00bb5&Prime; top_padding=\u00a0\u00bb2&Prime; bottom_padding=\u00a0\u00bb3&Prime; overlay_alpha=\u00a0\u00bb50&Prime; gutter_size=\u00a0\u00bb3&Prime; column_width_percent=\u00a0\u00bb100&Prime; shift_y=\u00a0\u00bb0&Prime; z_index=\u00a0\u00bb0&Prime;][vc_column column_width_percent=\u00a0\u00bb100&Prime; gutter_size=\u00a0\u00bb3&Prime; expand_height=\u00a0\u00bbyes\u00a0\u00bb overlay_alpha=\u00a0\u00bb50&Prime; border_color=\u00a0\u00bbtransparent\u00a0\u00bb shift_x=\u00a0\u00bb0&Prime; shift_y=\u00a0\u00bb0&Prime; shift_y_down=\u00a0\u00bb0&Prime; z_index=\u00a0\u00bb0&Prime; medium_width=\u00a0\u00bb0&Prime; mobile_width=\u00a0\u00bb0&Prime; width=\u00a0\u00bb1\/3&Prime; css=\u00a0\u00bb.vc_custom_1613380531663{padding-right: 20px !important;}\u00a0\u00bb][uncode_pricing title=\u00a0\u00bbMembership Card &#8211; Annuelle\u00a0\u00bb price=\u00a0\u00bbCHF 79,00&Prime; price_color=\u00a0\u00bbaccent\u00a0\u00bb col_elements=\u00a0\u00bbtb\u00a0\u00bb align=\u00a0\u00bbleft\u00a0\u00bb button=\u00a0\u00bburl:https%3A%2F%2Fswissfederalism.ch%2Ffr%2Fmembership-card-annuelle%2F|title:Adherer\u00a0\u00bb uncode_shortcode_id=\u00a0\u00bb133040&Prime; price_color_type=\u00a0\u00bbuncode-palette\u00a0\u00bb][\/vc_column][vc_column column_width_percent=\u00a0\u00bb100&Prime; gutter_size=\u00a0\u00bb3&Prime; expand_height=\u00a0\u00bbyes\u00a0\u00bb overlay_alpha=\u00a0\u00bb50&Prime; border_color=\u00a0\u00bbtransparent\u00a0\u00bb shift_x=\u00a0\u00bb0&Prime; shift_y=\u00a0\u00bb0&Prime; shift_y_down=\u00a0\u00bb0&Prime; z_index=\u00a0\u00bb0&Prime; medium_width=\u00a0\u00bb0&Prime; mobile_width=\u00a0\u00bb0&Prime; width=\u00a0\u00bb1\/3&Prime; css=\u00a0\u00bb.vc_custom_1613380542834{padding-right: 20px !important;}\u00a0\u00bb][uncode_pricing title=\u00a0\u00bbFamily Card &#8211; Annuelle\u00a0\u00bb price=\u00a0\u00bbCHF 99,00&Prime; price_color=\u00a0\u00bbcolor-149363&Prime; col_elements=\u00a0\u00bbtb\u00a0\u00bb align=\u00a0\u00bbleft\u00a0\u00bb button=\u00a0\u00bburl:https%3A%2F%2Fswissfederalism.ch%2Ffr%2Ffamily-card-annuelle%2F|title:Adherer\u00a0\u00bb uncode_shortcode_id=\u00a0\u00bb184963&Prime; price_color_type=\u00a0\u00bbuncode-palette\u00a0\u00bb][\/vc_column][vc_column column_width_percent=\u00a0\u00bb100&Prime; gutter_size=\u00a0\u00bb3&Prime; expand_height=\u00a0\u00bbyes\u00a0\u00bb overlay_alpha=\u00a0\u00bb50&Prime; shift_x=\u00a0\u00bb0&Prime; shift_y=\u00a0\u00bb0&Prime; shift_y_down=\u00a0\u00bb0&Prime; z_index=\u00a0\u00bb0&Prime; medium_width=\u00a0\u00bb0&Prime; mobile_width=\u00a0\u00bb0&Prime; width=\u00a0\u00bb1\/3&Prime; css=\u00a0\u00bb.vc_custom_1613380466097{padding-right: 20px !important;}\u00a0\u00bb][uncode_pricing title=\u00a0\u00bbCorporate Card &#8211; Annuelle\u00a0\u00bb price=\u00a0\u00bbCHF 179,00&Prime; price_color=\u00a0\u00bbcolor-vyce\u00a0\u00bb col_elements=\u00a0\u00bbtb\u00a0\u00bb align=\u00a0\u00bbleft\u00a0\u00bb body=\u00a0\u00bbUne interview annuelle promouvant votre entreprise ou association dans le magazine Swiss Federalism.\u00a0\u00bb button=\u00a0\u00bburl:https%3A%2F%2Fswissfederalism.ch%2Ffr%2Fcorporate-card-annuelle%2F|title:Adherer\u00a0\u00bb uncode_shortcode_id=\u00a0\u00bb210841&Prime; price_color_type=\u00a0\u00bbuncode-palette\u00a0\u00bb][\/vc_column][\/vc_row]<\/p>\n<\/div>","protected":false},"excerpt":{"rendered":"<p>La vostra iscrizione a Swiss Federalism promuove la libert\u00e0, il federalismo, la democrazia diretta, la neutralit\u00e0 della Svizzera e promuove la piccola e media impresa e l\u2019attrazione di capitali verso la Svizzera<\/p>\n","protected":false},"author":1,"featured_media":234857,"parent":0,"menu_order":0,"comment_status":"closed","ping_status":"closed","template":"","meta":{"footnotes":""},"class_list":["post-90062","page","type-page","status-publish","has-post-thumbnail","hentry"],"_links":{"self":[{"href":"https:\/\/swissfederalism.ch\/fr\/wp-json\/wp\/v2\/pages\/90062","targetHints":{"allow":["GET"]}}],"collection":[{"href":"https:\/\/swissfederalism.ch\/fr\/wp-json\/wp\/v2\/pages"}],"about":[{"href":"https:\/\/swissfederalism.ch\/fr\/wp-json\/wp\/v2\/types\/page"}],"author":[{"embeddable":true,"href":"https:\/\/swissfederalism.ch\/fr\/wp-json\/wp\/v2\/users\/1"}],"replies":[{"embeddable":true,"href":"https:\/\/swissfederalism.ch\/fr\/wp-json\/wp\/v2\/comments?post=90062"}],"version-history":[{"count":11,"href":"https:\/\/swissfederalism.ch\/fr\/wp-json\/wp\/v2\/pages\/90062\/revisions"}],"predecessor-version":[{"id":234861,"href":"https:\/\/swissfederalism.ch\/fr\/wp-json\/wp\/v2\/pages\/90062\/revisions\/234861"}],"wp:featuredmedia":[{"embeddable":true,"href":"https:\/\/swissfederalism.ch\/fr\/wp-json\/wp\/v2\/media\/234857"}],"wp:attachment":[{"href":"https:\/\/swissfederalism.ch\/fr\/wp-json\/wp\/v2\/media?parent=90062"}],"curies":[{"name":"wp","href":"https:\/\/api.w.org\/{rel}","templated":true}]}}